{"id":4398,"date":"2013-04-18T06:56:03","date_gmt":"2013-04-18T06:56:03","guid":{"rendered":"http:\/\/www.alpine-comfort.ch\/your-stay\/travel\/"},"modified":"2017-06-05T14:18:27","modified_gmt":"2017-06-05T14:18:27","slug":"informations-voyage","status":"publish","type":"page","link":"https:\/\/alpine-comfort.com\/fr\/votre-sejour\/informations-voyage\/","title":{"rendered":"Voyage"},"content":{"rendered":"<div class=\"fusion-fullwidth fullwidth-box fusion-builder-row-1 hundred-percent-fullwidth non-hundred-percent-height-scrolling\" style=\"--awb-border-radius-top-left:0px;--awb-border-radius-top-right:0px;--awb-border-radius-bottom-right:0px;--awb-border-radius-bottom-left:0px;--awb-overflow:visible;--awb-flex-wrap:wrap;\" ><div class=\"fusion-builder-row fusion-row\"><div class=\"fusion-layout-column fusion_builder_column fusion-builder-column-0 fusion_builder_column_1_1 1_1 fusion-one-full fusion-column-first fusion-column-last fusion-column-no-min-height\" style=\"--awb-bg-size:cover;--awb-margin-bottom:0px;\"><div class=\"fusion-column-wrapper fusion-flex-column-wrapper-legacy\"><div class=\"fusion-title title fusion-title-1 fusion-title-text fusion-title-size-two\" style=\"--awb-margin-top-small:10px;--awb-margin-right-small:0px;--awb-margin-bottom-small:10px;--awb-margin-left-small:0px;\"><h2 class=\"fusion-title-heading title-heading-left\" style=\"margin:0;\">Voyage jusqu&rsquo;\u00e0 Nendaz<\/h2><span class=\"awb-title-spacer\"><\/span><div class=\"title-sep-container\"><div class=\"title-sep sep-double sep-solid\" style=\"border-color:var(--awb-color3);\"><\/div><\/div><\/div>\n<p>Se fera-t-il par avion, en voiture ou en train ? Quel que soit votre moyen de transport, votre voyage \u00e0 destination de Nendaz sera on ne peut plus simple. Les informations voyage mentionn\u00e9es dans cette section devraient vous aider \u00e0 choisir celui qui vous conviendra le mieux.<\/p>\n<p>Le principal jour de rel\u00e8ve \u00e9tant le samedi pour les autres tour-op\u00e9rateurs, nous pr\u00e9f\u00e9rons que le n\u00f4tre soit le dimanche. Plusieurs aspects positifs d\u00e9coulent de ce choix : cela vous permet d&rsquo;avoir toute la journ\u00e9e du samedi pour faire vos bagages et vos derni\u00e8res pr\u00e9paratifs. Les vols seront en outre moins chers et les routes bien plus tranquilles. Lors de votre dernier jour parmi nous, les pistes et les chemins de montagne seront moins bond\u00e9es, car tous les autres pr\u00e9pareront leurs bagages et rentreront chez eux.<\/p>\n<div class=\"fusion-clearfix\"><\/div><\/div><\/div><div class=\"fusion-layout-column fusion_builder_column fusion-builder-column-1 fusion_builder_column_1_1 1_1 fusion-one-full fusion-column-first fusion-column-last fusion-column-no-min-height\" style=\"--awb-bg-size:cover;--awb-margin-bottom:0px;\"><div class=\"fusion-column-wrapper fusion-flex-column-wrapper-legacy\"><ul style=\"--awb-line-height:27.2px;--awb-icon-width:27.2px;--awb-icon-height:27.2px;--awb-icon-margin:11.2px;--awb-content-margin:38.4px;--awb-circlecolor:#a0ce4e;--awb-circle-yes-font-size:14.08px;\" class=\"fusion-checklist fusion-checklist-1 fusion-checklist-default type-icons\">\n\n<li class=\"fusion-li-item\" style=\"\"><span class=\"icon-wrapper circle-yes\"><i class=\"fusion-li-icon awb-icon-check\" aria-hidden=\"true\"><\/i><\/span><div class=\"fusion-li-item-content\"><strong>Par avion\u2026\u00a0<\/strong>Gen\u00e8ve est l\u2019a\u00e9roport important le plus proche, \u00e0 moins de 2 heures seulement de Nendaz. Des vols pour Gen\u00e8ve sont disponibles depuis presque tous les a\u00e9roports internationaux.\u00a0British Airways, Swiss Air ou Easyjet desservent Gen\u00e8ve depuis un grand nombre d&rsquo;a\u00e9roports de France et de Belgique.<\/div><\/li>\n<li class=\"fusion-li-item\" style=\"\"><span class=\"icon-wrapper circle-yes\"><i class=\"fusion-li-icon awb-icon-check\" aria-hidden=\"true\"><\/i><\/span><div class=\"fusion-li-item-content\"><strong>Par minibus priv\u00e9&#8230;\u00a0<\/strong>Nous proposons un transfert par minibus priv\u00e9 de grand confort, de Gen\u00e8ve \u00e0 Nendaz. Notre chauffeur vous prendra \u00e0 l&rsquo;a\u00e9roport de fa\u00e7on que vous puissiez admirer le magnifique paysage qui s&rsquo;\u00e9tend le long du lac de Gen\u00e8ve et de la vall\u00e9e du Rh\u00f4ne. Le trajet dure moins de 2 heures. Les tarifs de ce service sont indiqu\u00e9s sur la page Tarifs et Renseignements.<\/div><\/li>\n<li class=\"fusion-li-item\" style=\"\"><span class=\"icon-wrapper circle-yes\"><i class=\"fusion-li-icon awb-icon-check\" aria-hidden=\"true\"><\/i><\/span><div class=\"fusion-li-item-content\"><strong>Par train&#8230;\u00a0<\/strong>Si vous souhaitez d\u00e9couvrir le syst\u00e8me ferroviaire suisse, il vous est possible de prendre un train \u00e0 Gen\u00e8ve : il vous conduira \u00e0 Sion, ville situ\u00e9e sur la route menant \u00e0 Nendaz.\u00a0Un transport gratuit de Sion \u00e0 Saclentse\/Nendaz est compris dans le tarif global.<\/div><\/li>\n<li class=\"fusion-li-item\" style=\"\"><span class=\"icon-wrapper circle-yes\"><i class=\"fusion-li-icon awb-icon-check\" aria-hidden=\"true\"><\/i><\/span><div class=\"fusion-li-item-content\"><strong>Par route&#8230;\u00a0<\/strong>Si vous arrivez depuis une r\u00e9gion non montagneuse, veuillez garder \u00e0 l&rsquo;esprit que votre voiture devrait \u00eatre appr\u00eat\u00e9e non seulement pour le trajet mais \u00e9galement en vue d&rsquo;un environnement de haute altitude, avec de possibles conditions climatiques extr\u00eames comme la neige ou le verglas. En hiver, il est conseill\u00e9 d&rsquo;utiliser un 4&#215;4 et d&rsquo;\u00e9quiper son v\u00e9hicule de pneus neige et\/ou de chaines : certaines rues du villages sont en fait des mont\u00e9es assez raides.\u00a0Chaque pays comportant sa propre l\u00e9gislation, nous vous recommandons de visiter le site Internet de votre compagnie d\u2019assurances avant votre d\u00e9part pour un trajet en toute s\u00e9curit\u00e9 et non interrompu.<\/div><\/li>\n\n<\/ul>\n<div class=\"fusion-clearfix\"><\/div><\/div><\/div><div class=\"fusion-layout-column fusion_builder_column fusion-builder-column-2 fusion_builder_column_1_1 1_1 fusion-one-full fusion-column-first fusion-column-last fusion-column-no-min-height\" style=\"--awb-bg-size:cover;--awb-margin-bottom:0px;\"><div class=\"fusion-column-wrapper fusion-flex-column-wrapper-legacy\"><div class=\"fusion-title title fusion-title-2 fusion-title-text fusion-title-size-three\" style=\"--awb-margin-top-small:10px;--awb-margin-right-small:0px;--awb-margin-bottom-small:10px;--awb-margin-left-small:0px;\"><h3 class=\"fusion-title-heading title-heading-left\" style=\"margin:0;\">Quelques Rappels<\/h3><span class=\"awb-title-spacer\"><\/span><div class=\"title-sep-container\"><div class=\"title-sep sep-double sep-solid\" style=\"border-color:var(--awb-color3);\"><\/div><\/div><\/div>\n<div class=\"fusion-clearfix\"><\/div><\/div><\/div><div class=\"fusion-layout-column fusion_builder_column fusion-builder-column-3 fusion_builder_column_1_1 1_1 fusion-one-full fusion-column-first fusion-column-last fusion-column-no-min-height\" style=\"--awb-bg-size:cover;--awb-margin-bottom:0px;\"><div class=\"fusion-column-wrapper fusion-flex-column-wrapper-legacy\"><ul style=\"--awb-line-height:27.2px;--awb-icon-width:27.2px;--awb-icon-height:27.2px;--awb-icon-margin:11.2px;--awb-content-margin:38.4px;--awb-circlecolor:#a0ce4e;--awb-circle-yes-font-size:14.08px;\" class=\"fusion-checklist fusion-checklist-2 fusion-checklist-default type-icons\">\n\n<li class=\"fusion-li-item\" style=\"\"><span class=\"icon-wrapper circle-yes\"><i class=\"fusion-li-icon awb-icon-check\" aria-hidden=\"true\"><\/i><\/span><div class=\"fusion-li-item-content\">Convertisseurs de phares : n\u00e9cessaires en France et en Suisse<\/div><\/li>\n<li class=\"fusion-li-item\" style=\"\"><span class=\"icon-wrapper circle-yes\"><i class=\"fusion-li-icon awb-icon-check\" aria-hidden=\"true\"><\/i><\/span><div class=\"fusion-li-item-content\">Triangle de panne : n\u00e9cessaire en France et en Suisse<\/div><\/li>\n<li class=\"fusion-li-item\" style=\"\"><span class=\"icon-wrapper circle-yes\"><i class=\"fusion-li-icon awb-icon-check\" aria-hidden=\"true\"><\/i><\/span><div class=\"fusion-li-item-content\">Enfants de moins de 10 ans \u2013 ne peuvent voyager sur les si\u00e8ges avant en France<\/div><\/li>\n<li class=\"fusion-li-item\" style=\"\"><span class=\"icon-wrapper circle-yes\"><i class=\"fusion-li-icon awb-icon-check\" aria-hidden=\"true\"><\/i><\/span><div class=\"fusion-li-item-content\">Enfants de moins de 7 ans \u2013 ne peuvent voyager sur les si\u00e8ges avant en Suisse sans supports enfant<\/div><\/li>\n<li class=\"fusion-li-item\" style=\"\"><span class=\"icon-wrapper circle-yes\"><i class=\"fusion-li-icon awb-icon-check\" aria-hidden=\"true\"><\/i><\/span><div class=\"fusion-li-item-content\">Vignette\/taxe autoroute \u2013 doivent \u00eatre pay\u00e9s en entrant sur le territoire suisse. Co\u00fbt : 40 CHF ou 30 \u20ac. Validit\u00e9 : 1 an.<\/div><\/li>\n\n<\/ul>\n<div class=\"fusion-clearfix\"><\/div><\/div><\/div><div class=\"fusion-layout-column fusion_builder_column fusion-builder-column-4 fusion_builder_column_1_1 1_1 fusion-one-full fusion-column-first fusion-column-last fusion-column-no-min-height\" style=\"--awb-bg-size:cover;--awb-margin-bottom:0px;\"><div class=\"fusion-column-wrapper fusion-flex-column-wrapper-legacy\"><div class=\"fusion-title title fusion-title-3 fusion-title-text fusion-title-size-two\" style=\"--awb-margin-top-small:10px;--awb-margin-right-small:0px;--awb-margin-bottom-small:10px;--awb-margin-left-small:0px;\"><h2 class=\"fusion-title-heading title-heading-left\" style=\"margin:0;\">Pour davantage d&rsquo;informations sur votre voyage, veuillez nous contacter.<\/h2><span class=\"awb-title-spacer\"><\/span><div class=\"title-sep-container\"><div class=\"title-sep sep-double sep-solid\" style=\"border-color:var(--awb-color3);\"><\/div><\/div><\/div>\n<div class=\"fusion-clearfix\"><\/div><\/div><\/div><div class=\"fusion-layout-column fusion_builder_column fusion-builder-column-5 fusion_builder_column_1_1 1_1 fusion-one-full fusion-column-first fusion-column-last fusion-column-no-min-height\" style=\"--awb-bg-size:cover;--awb-margin-bottom:0px;\"><div class=\"fusion-column-wrapper fusion-flex-column-wrapper-legacy\"><ul style=\"--awb-line-height:27.2px;--awb-icon-width:27.2px;--awb-icon-height:27.2px;--awb-icon-margin:11.2px;--awb-content-margin:38.4px;--awb-circlecolor:#a0ce4e;--awb-circle-yes-font-size:14.08px;\" class=\"fusion-checklist fusion-checklist-3 fusion-checklist-default type-icons\">\n\n<li class=\"fusion-li-item\" style=\"\"><span class=\"icon-wrapper circle-yes\"><i class=\"fusion-li-icon awb-icon-check\" aria-hidden=\"true\"><\/i><\/span><div class=\"fusion-li-item-content\">Assistance pour la r\u00e9servation de votre vol<\/div><\/li>\n<li class=\"fusion-li-item\" style=\"\"><span class=\"icon-wrapper circle-yes\"><i class=\"fusion-li-icon awb-icon-check\" aria-hidden=\"true\"><\/i><\/span><div class=\"fusion-li-item-content\">Minibus priv\u00e9 depuis l&rsquo;a\u00e9roport de Gen\u00e8ve<\/div><\/li>\n<li class=\"fusion-li-item\" style=\"\"><span class=\"icon-wrapper circle-yes\"><i class=\"fusion-li-icon awb-icon-check\" aria-hidden=\"true\"><\/i><\/span><div class=\"fusion-li-item-content\">Transport gratuit depuis la gare de Sion<\/div><\/li>\n<li class=\"fusion-li-item\" style=\"\"><span class=\"icon-wrapper circle-yes\"><i class=\"fusion-li-icon awb-icon-check\" aria-hidden=\"true\"><\/i><\/span><div class=\"fusion-li-item-content\">Description de l&rsquo;itin\u00e9raire par route<\/div><\/li>\n\n<\/ul><div class=\"fusion-clearfix\"><\/div><\/div><\/div><\/div><\/div>\n","protected":false},"excerpt":{"rendered":"","protected":false},"author":1,"featured_media":0,"parent":4285,"menu_order":32,"comment_status":"open","ping_status":"open","template":"side-navigation.php","meta":{"footnotes":""},"class_list":["post-4398","page","type-page","status-publish","hentry"],"yoast_head":"<!-- This site is optimized with the Yoast SEO plugin v27.3 - https:\/\/yoast.com\/product\/yoast-seo-wordpress\/ -->\n<title>Informations du voyage | Nendaz, 4 Vall\u00e9es, Verbier<\/title>\n<meta name=\"description\" content=\"Les informations de votre voyage mentionn\u00e9es dans cette section devraient vous aider \u00e0 choisir celui qui vous conviendra le mieux pour arriv\u00e9e \u00e0 Nendaz.\" \/>\n<meta name=\"robots\" content=\"index, follow, max-snippet:-1, max-image-preview:large, max-video-preview:-1\" \/>\n<link rel=\"canonical\" href=\"https:\/\/alpine-comfort.com\/fr\/votre-sejour\/informations-voyage\/\" \/>\n<meta property=\"og:locale\" content=\"fr_FR\" \/>\n<meta property=\"og:type\" content=\"article\" \/>\n<meta property=\"og:title\" content=\"Informations du voyage | Nendaz, 4 Vall\u00e9es, Verbier\" \/>\n<meta property=\"og:description\" content=\"Les informations de votre voyage mentionn\u00e9es dans cette section devraient vous aider \u00e0 choisir celui qui vous conviendra le mieux pour arriv\u00e9e \u00e0 Nendaz.\" \/>\n<meta property=\"og:url\" content=\"https:\/\/alpine-comfort.com\/fr\/votre-sejour\/informations-voyage\/\" \/>\n<meta property=\"og:site_name\" content=\"Alpine Comfort\" \/>\n<meta property=\"article:modified_time\" content=\"2017-06-05T14:18:27+00:00\" \/>\n<meta name=\"twitter:label1\" content=\"Dur\u00e9e de lecture estim\u00e9e\" \/>\n\t<meta name=\"twitter:data1\" content=\"5 minutes\" \/>\n<script type=\"application\/ld+json\" class=\"yoast-schema-graph\">{\"@context\":\"https:\\\/\\\/schema.org\",\"@graph\":[{\"@type\":\"WebPage\",\"@id\":\"https:\\\/\\\/alpine-comfort.com\\\/fr\\\/votre-sejour\\\/informations-voyage\\\/\",\"url\":\"https:\\\/\\\/alpine-comfort.com\\\/fr\\\/votre-sejour\\\/informations-voyage\\\/\",\"name\":\"Informations du voyage | Nendaz, 4 Vall\u00e9es, Verbier\",\"isPartOf\":{\"@id\":\"https:\\\/\\\/alpine-comfort.com\\\/#website\"},\"datePublished\":\"2013-04-18T06:56:03+00:00\",\"dateModified\":\"2017-06-05T14:18:27+00:00\",\"description\":\"Les informations de votre voyage mentionn\u00e9es dans cette section devraient vous aider \u00e0 choisir celui qui vous conviendra le mieux pour arriv\u00e9e \u00e0 Nendaz.\",\"breadcrumb\":{\"@id\":\"https:\\\/\\\/alpine-comfort.com\\\/fr\\\/votre-sejour\\\/informations-voyage\\\/#breadcrumb\"},\"inLanguage\":\"fr-FR\",\"potentialAction\":[{\"@type\":\"ReadAction\",\"target\":[\"https:\\\/\\\/alpine-comfort.com\\\/fr\\\/votre-sejour\\\/informations-voyage\\\/\"]}]},{\"@type\":\"BreadcrumbList\",\"@id\":\"https:\\\/\\\/alpine-comfort.com\\\/fr\\\/votre-sejour\\\/informations-voyage\\\/#breadcrumb\",\"itemListElement\":[{\"@type\":\"ListItem\",\"position\":1,\"name\":\"Votre S\u00e9jour\",\"item\":\"https:\\\/\\\/alpine-comfort.com\\\/fr\\\/\"},{\"@type\":\"ListItem\",\"position\":2,\"name\":\"Voyage\"}]},{\"@type\":\"WebSite\",\"@id\":\"https:\\\/\\\/alpine-comfort.com\\\/#website\",\"url\":\"https:\\\/\\\/alpine-comfort.com\\\/\",\"name\":\"Alpine Comfort\",\"description\":\"Pure Luxury Mountain Accommodation\",\"potentialAction\":[{\"@type\":\"SearchAction\",\"target\":{\"@type\":\"EntryPoint\",\"urlTemplate\":\"https:\\\/\\\/alpine-comfort.com\\\/?s={search_term_string}\"},\"query-input\":{\"@type\":\"PropertyValueSpecification\",\"valueRequired\":true,\"valueName\":\"search_term_string\"}}],\"inLanguage\":\"fr-FR\"}]}<\/script>\n<!-- \/ Yoast SEO plugin. -->","yoast_head_json":{"title":"Informations du voyage | Nendaz, 4 Vall\u00e9es, Verbier","description":"Les informations de votre voyage mentionn\u00e9es dans cette section devraient vous aider \u00e0 choisir celui qui vous conviendra le mieux pour arriv\u00e9e \u00e0 Nendaz.","robots":{"index":"index","follow":"follow","max-snippet":"max-snippet:-1","max-image-preview":"max-image-preview:large","max-video-preview":"max-video-preview:-1"},"canonical":"https:\/\/alpine-comfort.com\/fr\/votre-sejour\/informations-voyage\/","og_locale":"fr_FR","og_type":"article","og_title":"Informations du voyage | Nendaz, 4 Vall\u00e9es, Verbier","og_description":"Les informations de votre voyage mentionn\u00e9es dans cette section devraient vous aider \u00e0 choisir celui qui vous conviendra le mieux pour arriv\u00e9e \u00e0 Nendaz.","og_url":"https:\/\/alpine-comfort.com\/fr\/votre-sejour\/informations-voyage\/","og_site_name":"Alpine Comfort","article_modified_time":"2017-06-05T14:18:27+00:00","twitter_misc":{"Dur\u00e9e de lecture estim\u00e9e":"5 minutes"},"schema":{"@context":"https:\/\/schema.org","@graph":[{"@type":"WebPage","@id":"https:\/\/alpine-comfort.com\/fr\/votre-sejour\/informations-voyage\/","url":"https:\/\/alpine-comfort.com\/fr\/votre-sejour\/informations-voyage\/","name":"Informations du voyage | Nendaz, 4 Vall\u00e9es, Verbier","isPartOf":{"@id":"https:\/\/alpine-comfort.com\/#website"},"datePublished":"2013-04-18T06:56:03+00:00","dateModified":"2017-06-05T14:18:27+00:00","description":"Les informations de votre voyage mentionn\u00e9es dans cette section devraient vous aider \u00e0 choisir celui qui vous conviendra le mieux pour arriv\u00e9e \u00e0 Nendaz.","breadcrumb":{"@id":"https:\/\/alpine-comfort.com\/fr\/votre-sejour\/informations-voyage\/#breadcrumb"},"inLanguage":"fr-FR","potentialAction":[{"@type":"ReadAction","target":["https:\/\/alpine-comfort.com\/fr\/votre-sejour\/informations-voyage\/"]}]},{"@type":"BreadcrumbList","@id":"https:\/\/alpine-comfort.com\/fr\/votre-sejour\/informations-voyage\/#breadcrumb","itemListElement":[{"@type":"ListItem","position":1,"name":"Votre S\u00e9jour","item":"https:\/\/alpine-comfort.com\/fr\/"},{"@type":"ListItem","position":2,"name":"Voyage"}]},{"@type":"WebSite","@id":"https:\/\/alpine-comfort.com\/#website","url":"https:\/\/alpine-comfort.com\/","name":"Alpine Comfort","description":"Pure Luxury Mountain Accommodation","potentialAction":[{"@type":"SearchAction","target":{"@type":"EntryPoint","urlTemplate":"https:\/\/alpine-comfort.com\/?s={search_term_string}"},"query-input":{"@type":"PropertyValueSpecification","valueRequired":true,"valueName":"search_term_string"}}],"inLanguage":"fr-FR"}]}},"_links":{"self":[{"href":"https:\/\/alpine-comfort.com\/fr\/wp-json\/wp\/v2\/pages\/4398","targetHints":{"allow":["GET"]}}],"collection":[{"href":"https:\/\/alpine-comfort.com\/fr\/wp-json\/wp\/v2\/pages"}],"about":[{"href":"https:\/\/alpine-comfort.com\/fr\/wp-json\/wp\/v2\/types\/page"}],"author":[{"embeddable":true,"href":"https:\/\/alpine-comfort.com\/fr\/wp-json\/wp\/v2\/users\/1"}],"replies":[{"embeddable":true,"href":"https:\/\/alpine-comfort.com\/fr\/wp-json\/wp\/v2\/comments?post=4398"}],"version-history":[{"count":5,"href":"https:\/\/alpine-comfort.com\/fr\/wp-json\/wp\/v2\/pages\/4398\/revisions"}],"predecessor-version":[{"id":11763,"href":"https:\/\/alpine-comfort.com\/fr\/wp-json\/wp\/v2\/pages\/4398\/revisions\/11763"}],"up":[{"embeddable":true,"href":"https:\/\/alpine-comfort.com\/fr\/wp-json\/wp\/v2\/pages\/4285"}],"wp:attachment":[{"href":"https:\/\/alpine-comfort.com\/fr\/wp-json\/wp\/v2\/media?parent=4398"}],"curies":[{"name":"wp","href":"https:\/\/api.w.org\/{rel}","templated":true}]}}