{"id":4482,"date":"2013-04-21T12:25:32","date_gmt":"2013-04-21T12:25:32","guid":{"rendered":"http:\/\/www.alpine-comfort.ch\/chalet-rental-2\/"},"modified":"2017-06-05T19:41:49","modified_gmt":"2017-06-05T19:41:49","slug":"chalets-de-luxe-a-nendaz","status":"publish","type":"page","link":"https:\/\/alpine-comfort.com\/fr\/chalets-de-luxe-a-nendaz\/","title":{"rendered":"Autres Chalets"},"content":{"rendered":"<p><div class=\"fusion-fullwidth fullwidth-box fusion-builder-row-1 hundred-percent-fullwidth non-hundred-percent-height-scrolling\" style=\"--awb-border-radius-top-left:0px;--awb-border-radius-top-right:0px;--awb-border-radius-bottom-right:0px;--awb-border-radius-bottom-left:0px;--awb-overflow:visible;--awb-flex-wrap:wrap;\" ><div class=\"fusion-builder-row fusion-row\"><div class=\"fusion-layout-column fusion_builder_column fusion-builder-column-0 fusion_builder_column_1_1 1_1 fusion-one-full fusion-column-first fusion-column-last fusion-column-no-min-height\" style=\"--awb-bg-size:cover;--awb-margin-bottom:0px;\"><div class=\"fusion-column-wrapper fusion-flex-column-wrapper-legacy\"><div class=\"fusion-title title fusion-title-1 fusion-title-text fusion-title-size-two\" style=\"--awb-margin-top-small:10px;--awb-margin-right-small:0px;--awb-margin-bottom-small:10px;--awb-margin-left-small:0px;\"><h2 class=\"fusion-title-heading title-heading-left\" style=\"margin:0;\">Nos Chalets de Luxe \u00e0 Nendaz, en Suisse<\/h2><span class=\"awb-title-spacer\"><\/span><div class=\"title-sep-container\"><div class=\"title-sep sep-double sep-solid\" style=\"border-color:var(--awb-color3);\"><\/div><\/div><\/div>\n<p>Bienvenue \u00e0 la section de location des chalets de luxe bien \u00e9tablir.<\/p>\n<p>Les chalets de luxe \u00e0 Nendaz pr\u00e9sent\u00e9s ci-dessous sont tous situ\u00e9s au-dessus du village de Haute-Nendaz et offrent des panoramas exceptionnels sur les Alpes Bernoises et la Vall\u00e9e du Rh\u00f4ne. Tous ces chalets sont \u00e0 proximit\u00e9 imm\u00e9diate des pistes, et sont disponible toute l&rsquo;ann\u00e9e en service autonome ou en demi-pension. Veuillez nous <a title=\"Contact\" href=\"http:\/\/alpine-comfort.com\/fr\/nous-contacter\/\">contacter<\/a> pour plus d&rsquo;informations.<div class=\"fusion-clearfix\"><\/div><\/div><\/div><\/div><\/div><div class=\"fusion-fullwidth fullwidth-box fusion-builder-row-2 hundred-percent-fullwidth non-hundred-percent-height-scrolling\" style=\"--awb-border-radius-top-left:0px;--awb-border-radius-top-right:0px;--awb-border-radius-bottom-right:0px;--awb-border-radius-bottom-left:0px;--awb-overflow:visible;--awb-flex-wrap:wrap;\" ><div class=\"fusion-builder-row fusion-row\"><div class=\"fusion-layout-column fusion_builder_column fusion-builder-column-1 fusion_builder_column_1_1 1_1 fusion-one-full fusion-column-first fusion-column-last fusion-column-no-min-height\" style=\"--awb-bg-size:cover;--awb-margin-bottom:0px;\"><div class=\"fusion-column-wrapper fusion-flex-column-wrapper-legacy\"><style type=\"text\/css\">.fusion-portfolio-wrapper#fusion-portfolio-1 .fusion-portfolio-content{  text-align: left; }<\/style><div class=\"fusion-recent-works fusion-portfolio-element fusion-portfolio fusion-portfolio-1 fusion-portfolio-grid fusion-portfolio-paging-none fusion-portfolio-two fusion-portfolio-unboxed fusion-portfolio-text fusion-portfolio-rollover\" data-id=\"-rw-1\" data-columns=\"two\"><style type=\"text\/css\">.fusion-portfolio-1 .fusion-portfolio-wrapper .fusion-col-spacing{padding:10px;}<\/style><div class=\"fusion-portfolio-wrapper\" id=\"fusion-portfolio-1\" data-picturesize=\"fixed\" data-pages=\"1\" style=\"margin:-10px;\"><article id=\"portfolio-1-post-11253\" class=\"fusion-portfolio-post chaleureux sauna-fr garage-fr haut-standing jacuzzi fusion-col-spacing post-11253\"><div class=\"fusion-portfolio-content-wrapper\" style=\"border:none;\"><span class=\"vcard rich-snippet-hidden\"><span class=\"fn\"><a href=\"https:\/\/alpine-comfort.com\/fr\/author\/alpine-comfort\/\" title=\"Articles par Alpine Comfort\" rel=\"author\">Alpine Comfort<\/a><\/span><\/span><span class=\"updated rich-snippet-hidden\">2026-04-01T20:07:00+00:00<\/span><div  class=\"fusion-image-wrapper fusion-image-size-fixed\" aria-haspopup=\"true\">\n\t\t\t\t<img decoding=\"async\" width=\"460\" height=\"295\" src=\"https:\/\/alpine-comfort.com\/wp-content\/uploads\/2016\/07\/condor_1-460x295.jpg\" class=\"attachment-portfolio-two size-portfolio-two wp-post-image\" alt=\"\" \/><div class=\"fusion-rollover\">\n\t<div class=\"fusion-rollover-content\">\n\n\t\t\t\t\t\t\t\t\t\t\t\t\t\t<a class=\"fusion-rollover-link\" href=\"https:\/\/alpine-comfort.com\/fr\/chalets\/nendaz-chalet-condor\/\">Nendaz Chalet Condor<\/a>\n\t\t\t\n\t\t\t\t\t\t\t\t\t\t\t\t\t\t\n\t\t\t\t\t\t\t\t\n\t\t\t\t\t\t\t\t\t\t\t\t\t<div class=\"fusion-rollover-sep\"><\/div>\n\t\t\t\t\n\t\t\t\t\t\t\t\t\t\t\t\t\t\t\t\t\t\t<a class=\"fusion-rollover-gallery\" href=\"https:\/\/alpine-comfort.com\/wp-content\/uploads\/2016\/07\/condor_1.jpg\" data-options=\"\" data-id=\"11253\" data-rel=\"iLightbox[gallery-rw-1]\" data-title=\"condor_1\" data-caption=\"\">\n\t\t\t\t\t\tGallery\t\t\t\t\t<\/a>\n\t\t\t\t\t\t\t\t\t\t\t\t\t\t\n\t\t\n\t\t\t\t\t\t\t\t\t\t\t\t<h4 class=\"fusion-rollover-title\">\n\t\t\t\t\t<a class=\"fusion-rollover-title-link\" href=\"https:\/\/alpine-comfort.com\/fr\/chalets\/nendaz-chalet-condor\/\">\n\t\t\t\t\t\tNendaz Chalet Condor\t\t\t\t\t<\/a>\n\t\t\t\t<\/h4>\n\t\t\t\n\t\t\t\t\t\t\t\t\t\t<div class=\"fusion-rollover-categories\"><a href=\"https:\/\/alpine-comfort.com\/fr\/portfolio_category\/chaleureux\/\" rel=\"tag\">chaleureux<\/a>, <a href=\"https:\/\/alpine-comfort.com\/fr\/portfolio_category\/sauna-fr\/\" rel=\"tag\">chambre sauna<\/a>, <a href=\"https:\/\/alpine-comfort.com\/fr\/portfolio_category\/garage-fr\/\" rel=\"tag\">garage<\/a>, <a href=\"https:\/\/alpine-comfort.com\/fr\/portfolio_category\/haut-standing\/\" rel=\"tag\">haut-standing<\/a>, <a href=\"https:\/\/alpine-comfort.com\/fr\/portfolio_category\/jacuzzi\/\" rel=\"tag\">jacuzzi<\/a><\/div>\t\t\t\t\t\n\t\t\n\t\t\t\t\t\t<a class=\"fusion-link-wrapper\" href=\"https:\/\/alpine-comfort.com\/fr\/chalets\/nendaz-chalet-condor\/\" aria-label=\"Nendaz Chalet Condor\"><\/a>\n\t<\/div>\n<\/div>\n<\/div>\n<div class=\"fusion-portfolio-content\"><h2 class=\"entry-title fusion-post-title\"><a href=\"https:\/\/alpine-comfort.com\/fr\/chalets\/nendaz-chalet-condor\/\">Nendaz Chalet Condor<\/a><\/h2><div class=\"fusion-portfolio-meta\"><a href=\"https:\/\/alpine-comfort.com\/fr\/portfolio_category\/chaleureux\/\" rel=\"tag\">chaleureux<\/a>, <a href=\"https:\/\/alpine-comfort.com\/fr\/portfolio_category\/sauna-fr\/\" rel=\"tag\">chambre sauna<\/a>, <a href=\"https:\/\/alpine-comfort.com\/fr\/portfolio_category\/garage-fr\/\" rel=\"tag\">garage<\/a>, <a href=\"https:\/\/alpine-comfort.com\/fr\/portfolio_category\/haut-standing\/\" rel=\"tag\">haut-standing<\/a>, <a href=\"https:\/\/alpine-comfort.com\/fr\/portfolio_category\/jacuzzi\/\" rel=\"tag\">jacuzzi<\/a><\/div><div class=\"fusion-post-content\"><p>Ce chalet de luxe offre un confort exceptionnel pour une famille ou un petit groupe d\u2019amis. Avec une vue sensationnelle sur les montagnes et situ\u00e9 dans un endroit paisible en  [...]<\/p><\/div><\/div><\/div><\/article><article id=\"portfolio-1-post-5028\" class=\"fusion-portfolio-post arrivee-skis-aux-pieds sauna-fr fusion-col-spacing post-5028\"><div class=\"fusion-portfolio-content-wrapper\" style=\"border:none;\"><span class=\"vcard rich-snippet-hidden\"><span class=\"fn\"><a href=\"https:\/\/alpine-comfort.com\/fr\/author\/admin\/\" title=\"Articles par admin\" rel=\"author\">admin<\/a><\/span><\/span><span class=\"updated rich-snippet-hidden\">2026-04-01T20:10:06+00:00<\/span><div  class=\"fusion-image-wrapper fusion-image-size-fixed\" aria-haspopup=\"true\">\n\t\t\t\t<img decoding=\"async\" width=\"460\" height=\"295\" src=\"https:\/\/alpine-comfort.com\/wp-content\/uploads\/2013\/05\/nendaz_chalet_002-460x295.jpg\" class=\"attachment-portfolio-two size-portfolio-two wp-post-image\" alt=\"\" \/><div class=\"fusion-rollover\">\n\t<div class=\"fusion-rollover-content\">\n\n\t\t\t\t\t\t\t\t\t\t\t\t\t\t<a class=\"fusion-rollover-link\" href=\"https:\/\/alpine-comfort.com\/fr\/chalets\/nendaz-chalet-confortable\/\">Nendaz Chalet Dahu<\/a>\n\t\t\t\n\t\t\t\t\t\t\t\t\t\t\t\t\t\t\n\t\t\t\t\t\t\t\t\n\t\t\t\t\t\t\t\t\t\t\t\t\t<div class=\"fusion-rollover-sep\"><\/div>\n\t\t\t\t\n\t\t\t\t\t\t\t\t\t\t\t\t\t\t\t\t\t\t<a class=\"fusion-rollover-gallery\" href=\"https:\/\/alpine-comfort.com\/wp-content\/uploads\/2013\/05\/nendaz_chalet_002.jpg\" data-options=\"\" data-id=\"5028\" data-rel=\"iLightbox[gallery-rw-1]\" data-title=\"nendaz_chalet_002\" data-caption=\"\">\n\t\t\t\t\t\tGallery\t\t\t\t\t<\/a>\n\t\t\t\t\t\t\t\t\t\t\t\t\t\t\n\t\t\n\t\t\t\t\t\t\t\t\t\t\t\t<h4 class=\"fusion-rollover-title\">\n\t\t\t\t\t<a class=\"fusion-rollover-title-link\" href=\"https:\/\/alpine-comfort.com\/fr\/chalets\/nendaz-chalet-confortable\/\">\n\t\t\t\t\t\tNendaz Chalet Dahu\t\t\t\t\t<\/a>\n\t\t\t\t<\/h4>\n\t\t\t\n\t\t\t\t\t\t\t\t\t\t<div class=\"fusion-rollover-categories\"><a href=\"https:\/\/alpine-comfort.com\/fr\/portfolio_category\/arrivee-skis-aux-pieds\/\" rel=\"tag\">arriv\u00e9e skis aux pieds<\/a>, <a href=\"https:\/\/alpine-comfort.com\/fr\/portfolio_category\/sauna-fr\/\" rel=\"tag\">chambre sauna<\/a><\/div>\t\t\t\t\t\n\t\t\n\t\t\t\t\t\t<a class=\"fusion-link-wrapper\" href=\"https:\/\/alpine-comfort.com\/fr\/chalets\/nendaz-chalet-confortable\/\" aria-label=\"Nendaz Chalet Dahu\"><\/a>\n\t<\/div>\n<\/div>\n<\/div>\n<div class=\"fusion-portfolio-content\"><h2 class=\"entry-title fusion-post-title\"><a href=\"https:\/\/alpine-comfort.com\/fr\/chalets\/nendaz-chalet-confortable\/\">Nendaz Chalet Dahu<\/a><\/h2><div class=\"fusion-portfolio-meta\"><a href=\"https:\/\/alpine-comfort.com\/fr\/portfolio_category\/arrivee-skis-aux-pieds\/\" rel=\"tag\">arriv\u00e9e skis aux pieds<\/a>, <a href=\"https:\/\/alpine-comfort.com\/fr\/portfolio_category\/sauna-fr\/\" rel=\"tag\">chambre sauna<\/a><\/div><div class=\"fusion-post-content\"><p>Un chalet confortable construit sur 3 niveaux avec une magnifique vue sur la Vall\u00e9e du Rhone. Le chalet offre un acc\u00e8s aux pistes tr\u00e8s facile, de par son emplacement \u00e0  [...]<\/p><\/div><\/div><\/div><\/article><article id=\"portfolio-1-post-5083\" class=\"fusion-portfolio-post arrivee-skis-aux-pieds haut-standing piscine fusion-col-spacing post-5083\"><div class=\"fusion-portfolio-content-wrapper\" style=\"border:none;\"><span class=\"vcard rich-snippet-hidden\"><span class=\"fn\"><a href=\"https:\/\/alpine-comfort.com\/fr\/author\/admin\/\" title=\"Articles par admin\" rel=\"author\">admin<\/a><\/span><\/span><span class=\"updated rich-snippet-hidden\">2026-04-01T20:06:19+00:00<\/span><div  class=\"fusion-image-wrapper fusion-image-size-fixed\" aria-haspopup=\"true\">\n\t\t\t\t<img decoding=\"async\" width=\"460\" height=\"295\" src=\"https:\/\/alpine-comfort.com\/wp-content\/uploads\/2013\/05\/swimmingpool_nendaz_chalet-460x295.jpg\" class=\"attachment-portfolio-two size-portfolio-two wp-post-image\" alt=\"\" \/><div class=\"fusion-rollover\">\n\t<div class=\"fusion-rollover-content\">\n\n\t\t\t\t\t\t\t\t\t\t\t\t\t\t<a class=\"fusion-rollover-link\" href=\"https:\/\/alpine-comfort.com\/fr\/chalets\/nendaz-de-luxe-avec-piscine\/\">Nendaz Chalet Kalibu<\/a>\n\t\t\t\n\t\t\t\t\t\t\t\t\t\t\t\t\t\t\n\t\t\t\t\t\t\t\t\n\t\t\t\t\t\t\t\t\t\t\t\t\t<div class=\"fusion-rollover-sep\"><\/div>\n\t\t\t\t\n\t\t\t\t\t\t\t\t\t\t\t\t\t\t\t\t\t\t<a class=\"fusion-rollover-gallery\" href=\"https:\/\/alpine-comfort.com\/wp-content\/uploads\/2013\/05\/swimmingpool_nendaz_chalet.jpg\" data-options=\"\" data-id=\"5083\" data-rel=\"iLightbox[gallery-rw-1]\" data-title=\"swimmingpool_nendaz_chalet\" data-caption=\"\">\n\t\t\t\t\t\tGallery\t\t\t\t\t<\/a>\n\t\t\t\t\t\t\t\t\t\t\t\t\t\t\n\t\t\n\t\t\t\t\t\t\t\t\t\t\t\t<h4 class=\"fusion-rollover-title\">\n\t\t\t\t\t<a class=\"fusion-rollover-title-link\" href=\"https:\/\/alpine-comfort.com\/fr\/chalets\/nendaz-de-luxe-avec-piscine\/\">\n\t\t\t\t\t\tNendaz Chalet Kalibu\t\t\t\t\t<\/a>\n\t\t\t\t<\/h4>\n\t\t\t\n\t\t\t\t\t\t\t\t\t\t<div class=\"fusion-rollover-categories\"><a href=\"https:\/\/alpine-comfort.com\/fr\/portfolio_category\/arrivee-skis-aux-pieds\/\" rel=\"tag\">arriv\u00e9e skis aux pieds<\/a>, <a href=\"https:\/\/alpine-comfort.com\/fr\/portfolio_category\/haut-standing\/\" rel=\"tag\">haut-standing<\/a>, <a href=\"https:\/\/alpine-comfort.com\/fr\/portfolio_category\/piscine\/\" rel=\"tag\">piscine<\/a><\/div>\t\t\t\t\t\n\t\t\n\t\t\t\t\t\t<a class=\"fusion-link-wrapper\" href=\"https:\/\/alpine-comfort.com\/fr\/chalets\/nendaz-de-luxe-avec-piscine\/\" aria-label=\"Nendaz Chalet Kalibu\"><\/a>\n\t<\/div>\n<\/div>\n<\/div>\n<div class=\"fusion-portfolio-content\"><h2 class=\"entry-title fusion-post-title\"><a href=\"https:\/\/alpine-comfort.com\/fr\/chalets\/nendaz-de-luxe-avec-piscine\/\">Nendaz Chalet Kalibu<\/a><\/h2><div class=\"fusion-portfolio-meta\"><a href=\"https:\/\/alpine-comfort.com\/fr\/portfolio_category\/arrivee-skis-aux-pieds\/\" rel=\"tag\">arriv\u00e9e skis aux pieds<\/a>, <a href=\"https:\/\/alpine-comfort.com\/fr\/portfolio_category\/haut-standing\/\" rel=\"tag\">haut-standing<\/a>, <a href=\"https:\/\/alpine-comfort.com\/fr\/portfolio_category\/piscine\/\" rel=\"tag\">piscine<\/a><\/div><div class=\"fusion-post-content\"><p>Un chalet de luxe haut de gamme avec un int\u00e9rieur d\u2019une grande qualit\u00e9, juste \u00e0 c\u00f4t\u00e9 des pistes. Le chalet offre une piscine int\u00e9rieure avec une chemin\u00e9e et une vue  [...]<\/p><\/div><\/div><\/div><\/article><article id=\"portfolio-1-post-5086\" class=\"fusion-portfolio-post arrivee-skis-aux-pieds sauna-fr jacuzzi fusion-col-spacing post-5086\"><div class=\"fusion-portfolio-content-wrapper\" style=\"border:none;\"><span class=\"vcard rich-snippet-hidden\"><span class=\"fn\"><a href=\"https:\/\/alpine-comfort.com\/fr\/author\/admin\/\" title=\"Articles par admin\" rel=\"author\">admin<\/a><\/span><\/span><span class=\"updated rich-snippet-hidden\">2026-04-01T20:11:24+00:00<\/span><div  class=\"fusion-image-wrapper fusion-image-size-fixed\" aria-haspopup=\"true\">\n\t\t\t\t<img decoding=\"async\" width=\"460\" height=\"295\" src=\"https:\/\/alpine-comfort.com\/wp-content\/uploads\/2013\/05\/winter_chalet_nendaz1-460x295.jpg\" class=\"attachment-portfolio-two size-portfolio-two wp-post-image\" alt=\"\" \/><div class=\"fusion-rollover\">\n\t<div class=\"fusion-rollover-content\">\n\n\t\t\t\t\t\t\t\t\t\t\t\t\t\t<a class=\"fusion-rollover-link\" href=\"https:\/\/alpine-comfort.com\/fr\/chalets\/nendaz-sauna-jacuzzi-exterieur\/\">Nendaz Chalet Sorbier<\/a>\n\t\t\t\n\t\t\t\t\t\t\t\t\t\t\t\t\t\t\n\t\t\t\t\t\t\t\t\n\t\t\t\t\t\t\t\t\t\t\t\t\t<div class=\"fusion-rollover-sep\"><\/div>\n\t\t\t\t\n\t\t\t\t\t\t\t\t\t\t\t\t\t\t\t\t\t\t<a class=\"fusion-rollover-gallery\" href=\"https:\/\/alpine-comfort.com\/wp-content\/uploads\/2013\/05\/winter_chalet_nendaz1.jpg\" data-options=\"\" data-id=\"5086\" data-rel=\"iLightbox[gallery-rw-1]\" data-title=\"winter_chalet_nendaz\" data-caption=\"\">\n\t\t\t\t\t\tGallery\t\t\t\t\t<\/a>\n\t\t\t\t\t\t\t\t\t\t\t\t\t\t\n\t\t\n\t\t\t\t\t\t\t\t\t\t\t\t<h4 class=\"fusion-rollover-title\">\n\t\t\t\t\t<a class=\"fusion-rollover-title-link\" href=\"https:\/\/alpine-comfort.com\/fr\/chalets\/nendaz-sauna-jacuzzi-exterieur\/\">\n\t\t\t\t\t\tNendaz Chalet Sorbier\t\t\t\t\t<\/a>\n\t\t\t\t<\/h4>\n\t\t\t\n\t\t\t\t\t\t\t\t\t\t<div class=\"fusion-rollover-categories\"><a href=\"https:\/\/alpine-comfort.com\/fr\/portfolio_category\/arrivee-skis-aux-pieds\/\" rel=\"tag\">arriv\u00e9e skis aux pieds<\/a>, <a href=\"https:\/\/alpine-comfort.com\/fr\/portfolio_category\/sauna-fr\/\" rel=\"tag\">chambre sauna<\/a>, <a href=\"https:\/\/alpine-comfort.com\/fr\/portfolio_category\/jacuzzi\/\" rel=\"tag\">jacuzzi<\/a><\/div>\t\t\t\t\t\n\t\t\n\t\t\t\t\t\t<a class=\"fusion-link-wrapper\" href=\"https:\/\/alpine-comfort.com\/fr\/chalets\/nendaz-sauna-jacuzzi-exterieur\/\" aria-label=\"Nendaz Chalet Sorbier\"><\/a>\n\t<\/div>\n<\/div>\n<\/div>\n<div class=\"fusion-portfolio-content\"><h2 class=\"entry-title fusion-post-title\"><a href=\"https:\/\/alpine-comfort.com\/fr\/chalets\/nendaz-sauna-jacuzzi-exterieur\/\">Nendaz Chalet Sorbier<\/a><\/h2><div class=\"fusion-portfolio-meta\"><a href=\"https:\/\/alpine-comfort.com\/fr\/portfolio_category\/arrivee-skis-aux-pieds\/\" rel=\"tag\">arriv\u00e9e skis aux pieds<\/a>, <a href=\"https:\/\/alpine-comfort.com\/fr\/portfolio_category\/sauna-fr\/\" rel=\"tag\">chambre sauna<\/a>, <a href=\"https:\/\/alpine-comfort.com\/fr\/portfolio_category\/jacuzzi\/\" rel=\"tag\">jacuzzi<\/a><\/div><div class=\"fusion-post-content\"><p>Chalet de luxe flambant neuf dans un lieu calme et \u00e0 proximit\u00e9 directe des pistes de ski. Construit sur 3 \u00e9tages, le chalet a son propre sauna et un jacuzzi  [...]<\/p><\/div><\/div><\/div><\/article><article id=\"portfolio-1-post-5089\" class=\"fusion-portfolio-post sauna-fr haut-standing jacuzzi piscine fusion-col-spacing post-5089\"><div class=\"fusion-portfolio-content-wrapper\" style=\"border:none;\"><span class=\"vcard rich-snippet-hidden\"><span class=\"fn\"><a href=\"https:\/\/alpine-comfort.com\/fr\/author\/admin\/\" title=\"Articles par admin\" rel=\"author\">admin<\/a><\/span><\/span><span class=\"updated rich-snippet-hidden\">2026-04-01T20:21:50+00:00<\/span><div  class=\"fusion-image-wrapper fusion-image-size-fixed\" aria-haspopup=\"true\">\n\t\t\t\t<img decoding=\"async\" width=\"460\" height=\"295\" src=\"https:\/\/alpine-comfort.com\/wp-content\/uploads\/2013\/05\/spa-460x295.jpg\" class=\"attachment-portfolio-two size-portfolio-two wp-post-image\" alt=\"\" \/><div class=\"fusion-rollover\">\n\t<div class=\"fusion-rollover-content\">\n\n\t\t\t\t\t\t\t\t\t\t\t\t\t\t<a class=\"fusion-rollover-link\" href=\"https:\/\/alpine-comfort.com\/fr\/chalets\/chalet-de-luxe\/\">Nendaz Chalet Ighzer<\/a>\n\t\t\t\n\t\t\t\t\t\t\t\t\t\t\t\t\t\t\n\t\t\t\t\t\t\t\t\n\t\t\t\t\t\t\t\t\t\t\t\t\t<div class=\"fusion-rollover-sep\"><\/div>\n\t\t\t\t\n\t\t\t\t\t\t\t\t\t\t\t\t\t\t\t\t\t\t<a class=\"fusion-rollover-gallery\" href=\"https:\/\/alpine-comfort.com\/wp-content\/uploads\/2013\/05\/spa.jpg\" data-options=\"\" data-id=\"5089\" data-rel=\"iLightbox[gallery-rw-1]\" data-title=\"spa\" data-caption=\"\">\n\t\t\t\t\t\tGallery\t\t\t\t\t<\/a>\n\t\t\t\t\t\t\t\t\t\t\t\t\t\t\n\t\t\n\t\t\t\t\t\t\t\t\t\t\t\t<h4 class=\"fusion-rollover-title\">\n\t\t\t\t\t<a class=\"fusion-rollover-title-link\" href=\"https:\/\/alpine-comfort.com\/fr\/chalets\/chalet-de-luxe\/\">\n\t\t\t\t\t\tNendaz Chalet Ighzer\t\t\t\t\t<\/a>\n\t\t\t\t<\/h4>\n\t\t\t\n\t\t\t\t\t\t\t\t\t\t<div class=\"fusion-rollover-categories\"><a href=\"https:\/\/alpine-comfort.com\/fr\/portfolio_category\/sauna-fr\/\" rel=\"tag\">chambre sauna<\/a>, <a href=\"https:\/\/alpine-comfort.com\/fr\/portfolio_category\/haut-standing\/\" rel=\"tag\">haut-standing<\/a>, <a href=\"https:\/\/alpine-comfort.com\/fr\/portfolio_category\/jacuzzi\/\" rel=\"tag\">jacuzzi<\/a>, <a href=\"https:\/\/alpine-comfort.com\/fr\/portfolio_category\/piscine\/\" rel=\"tag\">piscine<\/a><\/div>\t\t\t\t\t\n\t\t\n\t\t\t\t\t\t<a class=\"fusion-link-wrapper\" href=\"https:\/\/alpine-comfort.com\/fr\/chalets\/chalet-de-luxe\/\" aria-label=\"Nendaz Chalet Ighzer\"><\/a>\n\t<\/div>\n<\/div>\n<\/div>\n<div class=\"fusion-portfolio-content\"><h2 class=\"entry-title fusion-post-title\"><a href=\"https:\/\/alpine-comfort.com\/fr\/chalets\/chalet-de-luxe\/\">Nendaz Chalet Ighzer<\/a><\/h2><div class=\"fusion-portfolio-meta\"><a href=\"https:\/\/alpine-comfort.com\/fr\/portfolio_category\/sauna-fr\/\" rel=\"tag\">chambre sauna<\/a>, <a href=\"https:\/\/alpine-comfort.com\/fr\/portfolio_category\/haut-standing\/\" rel=\"tag\">haut-standing<\/a>, <a href=\"https:\/\/alpine-comfort.com\/fr\/portfolio_category\/jacuzzi\/\" rel=\"tag\">jacuzzi<\/a>, <a href=\"https:\/\/alpine-comfort.com\/fr\/portfolio_category\/piscine\/\" rel=\"tag\">piscine<\/a><\/div><div class=\"fusion-post-content\"><p>Ce chalet de luxe authentique propose\u00a0 400 m\u00b2 de luxe sup\u00e9rieure et comprend un spa priv\u00e9 comprenant piscine, jacuzzi, sauna et salle de fitness. Situ\u00e9 \u00e0 seulement quelques minutes en  [...]<\/p><\/div><\/div><\/div><\/article><article id=\"portfolio-1-post-5092\" class=\"fusion-portfolio-post arrivee-skis-aux-pieds fusion-col-spacing post-5092\"><div class=\"fusion-portfolio-content-wrapper\" style=\"border:none;\"><span class=\"vcard rich-snippet-hidden\"><span class=\"fn\"><a href=\"https:\/\/alpine-comfort.com\/fr\/author\/admin\/\" title=\"Articles par admin\" rel=\"author\">admin<\/a><\/span><\/span><span class=\"updated rich-snippet-hidden\">2026-04-01T20:22:56+00:00<\/span><div  class=\"fusion-image-wrapper fusion-image-size-fixed\" aria-haspopup=\"true\">\n\t\t\t\t<img decoding=\"async\" width=\"460\" height=\"295\" src=\"https:\/\/alpine-comfort.com\/wp-content\/uploads\/2013\/05\/winter-2014-460x295.jpg\" class=\"attachment-portfolio-two size-portfolio-two wp-post-image\" alt=\"\" \/><div class=\"fusion-rollover\">\n\t<div class=\"fusion-rollover-content\">\n\n\t\t\t\t\t\t\t\t\t\t\t\t\t\t<a class=\"fusion-rollover-link\" href=\"https:\/\/alpine-comfort.com\/fr\/chalets\/chalet-les-cleves-006\/\">Nendaz Chalet Orignal<\/a>\n\t\t\t\n\t\t\t\t\t\t\t\t\t\t\t\t\t\t\n\t\t\t\t\t\t\t\t\n\t\t\t\t\t\t\t\t\t\t\t\t\t<div class=\"fusion-rollover-sep\"><\/div>\n\t\t\t\t\n\t\t\t\t\t\t\t\t\t\t\t\t\t\t\t\t\t\t<a class=\"fusion-rollover-gallery\" href=\"https:\/\/alpine-comfort.com\/wp-content\/uploads\/2013\/05\/winter-2014.jpg\" data-options=\"\" data-id=\"5092\" data-rel=\"iLightbox[gallery-rw-1]\" data-title=\"winter-2014\" data-caption=\"\">\n\t\t\t\t\t\tGallery\t\t\t\t\t<\/a>\n\t\t\t\t\t\t\t\t\t\t\t\t\t\t\n\t\t\n\t\t\t\t\t\t\t\t\t\t\t\t<h4 class=\"fusion-rollover-title\">\n\t\t\t\t\t<a class=\"fusion-rollover-title-link\" href=\"https:\/\/alpine-comfort.com\/fr\/chalets\/chalet-les-cleves-006\/\">\n\t\t\t\t\t\tNendaz Chalet Orignal\t\t\t\t\t<\/a>\n\t\t\t\t<\/h4>\n\t\t\t\n\t\t\t\t\t\t\t\t\t\t<div class=\"fusion-rollover-categories\"><a href=\"https:\/\/alpine-comfort.com\/fr\/portfolio_category\/arrivee-skis-aux-pieds\/\" rel=\"tag\">arriv\u00e9e skis aux pieds<\/a><\/div>\t\t\t\t\t\n\t\t\n\t\t\t\t\t\t<a class=\"fusion-link-wrapper\" href=\"https:\/\/alpine-comfort.com\/fr\/chalets\/chalet-les-cleves-006\/\" aria-label=\"Nendaz Chalet Orignal\"><\/a>\n\t<\/div>\n<\/div>\n<\/div>\n<div class=\"fusion-portfolio-content\"><h2 class=\"entry-title fusion-post-title\"><a href=\"https:\/\/alpine-comfort.com\/fr\/chalets\/chalet-les-cleves-006\/\">Nendaz Chalet Orignal<\/a><\/h2><div class=\"fusion-portfolio-meta\"><a href=\"https:\/\/alpine-comfort.com\/fr\/portfolio_category\/arrivee-skis-aux-pieds\/\" rel=\"tag\">arriv\u00e9e skis aux pieds<\/a><\/div><div class=\"fusion-post-content\"><p>Ce magnifique chalet de luxe est construit sur 3 \u00e9tages et offre des vues ininterrompues sur les Alpes Bernoises et Vaudoises. Le chalet offre une toute nouvelle extension avec un  [...]<\/p><\/div><\/div><\/div><\/article><\/div><\/div><div class=\"fusion-clearfix\"><\/div><\/div><\/div><\/div><\/div><\/p>\n","protected":false},"excerpt":{"rendered":"","protected":false},"author":1,"featured_media":0,"parent":0,"menu_order":90,"comment_status":"open","ping_status":"open","template":"","meta":{"footnotes":""},"class_list":["post-4482","page","type-page","status-publish","hentry"],"yoast_head":"<!-- This site is optimized with the Yoast SEO plugin v27.3 - https:\/\/yoast.com\/product\/yoast-seo-wordpress\/ -->\n<title>Chalets de Luxe \u00e0 Nendaz, location des chalets de luxe<\/title>\n<meta name=\"description\" content=\"Nous sommes fiers de pr\u00e9senter un nouveau service chez Alpine Comfort. Les locations des Chalets de Luxe \u00e0 Nendaz 4 Vall\u00e9es au domain de Verbier\" \/>\n<meta name=\"robots\" content=\"index, follow, max-snippet:-1, max-image-preview:large, max-video-preview:-1\" \/>\n<link rel=\"canonical\" href=\"https:\/\/alpine-comfort.com\/fr\/chalets-de-luxe-a-nendaz\/\" \/>\n<meta property=\"og:locale\" content=\"fr_FR\" \/>\n<meta property=\"og:type\" content=\"article\" \/>\n<meta property=\"og:title\" content=\"Chalets de Luxe \u00e0 Nendaz, location des chalets de luxe\" \/>\n<meta property=\"og:description\" content=\"Nous sommes fiers de pr\u00e9senter un nouveau service chez Alpine Comfort. Les locations des Chalets de Luxe \u00e0 Nendaz 4 Vall\u00e9es au domain de Verbier\" \/>\n<meta property=\"og:url\" content=\"https:\/\/alpine-comfort.com\/fr\/chalets-de-luxe-a-nendaz\/\" \/>\n<meta property=\"og:site_name\" content=\"Alpine Comfort\" \/>\n<meta property=\"article:modified_time\" content=\"2017-06-05T19:41:49+00:00\" \/>\n<meta name=\"twitter:label1\" content=\"Dur\u00e9e de lecture estim\u00e9e\" \/>\n\t<meta name=\"twitter:data1\" content=\"1 minute\" \/>\n<script type=\"application\/ld+json\" class=\"yoast-schema-graph\">{\"@context\":\"https:\\\/\\\/schema.org\",\"@graph\":[{\"@type\":\"WebPage\",\"@id\":\"https:\\\/\\\/alpine-comfort.com\\\/fr\\\/chalets-de-luxe-a-nendaz\\\/\",\"url\":\"https:\\\/\\\/alpine-comfort.com\\\/fr\\\/chalets-de-luxe-a-nendaz\\\/\",\"name\":\"Chalets de Luxe \u00e0 Nendaz, location des chalets de luxe\",\"isPartOf\":{\"@id\":\"https:\\\/\\\/alpine-comfort.com\\\/#website\"},\"datePublished\":\"2013-04-21T12:25:32+00:00\",\"dateModified\":\"2017-06-05T19:41:49+00:00\",\"description\":\"Nous sommes fiers de pr\u00e9senter un nouveau service chez Alpine Comfort. Les locations des Chalets de Luxe \u00e0 Nendaz 4 Vall\u00e9es au domain de Verbier\",\"inLanguage\":\"fr-FR\",\"potentialAction\":[{\"@type\":\"ReadAction\",\"target\":[\"https:\\\/\\\/alpine-comfort.com\\\/fr\\\/chalets-de-luxe-a-nendaz\\\/\"]}]},{\"@type\":\"WebSite\",\"@id\":\"https:\\\/\\\/alpine-comfort.com\\\/#website\",\"url\":\"https:\\\/\\\/alpine-comfort.com\\\/\",\"name\":\"Alpine Comfort\",\"description\":\"Pure Luxury Mountain Accommodation\",\"potentialAction\":[{\"@type\":\"SearchAction\",\"target\":{\"@type\":\"EntryPoint\",\"urlTemplate\":\"https:\\\/\\\/alpine-comfort.com\\\/?s={search_term_string}\"},\"query-input\":{\"@type\":\"PropertyValueSpecification\",\"valueRequired\":true,\"valueName\":\"search_term_string\"}}],\"inLanguage\":\"fr-FR\"}]}<\/script>\n<!-- \/ Yoast SEO plugin. -->","yoast_head_json":{"title":"Chalets de Luxe \u00e0 Nendaz, location des chalets de luxe","description":"Nous sommes fiers de pr\u00e9senter un nouveau service chez Alpine Comfort. Les locations des Chalets de Luxe \u00e0 Nendaz 4 Vall\u00e9es au domain de Verbier","robots":{"index":"index","follow":"follow","max-snippet":"max-snippet:-1","max-image-preview":"max-image-preview:large","max-video-preview":"max-video-preview:-1"},"canonical":"https:\/\/alpine-comfort.com\/fr\/chalets-de-luxe-a-nendaz\/","og_locale":"fr_FR","og_type":"article","og_title":"Chalets de Luxe \u00e0 Nendaz, location des chalets de luxe","og_description":"Nous sommes fiers de pr\u00e9senter un nouveau service chez Alpine Comfort. Les locations des Chalets de Luxe \u00e0 Nendaz 4 Vall\u00e9es au domain de Verbier","og_url":"https:\/\/alpine-comfort.com\/fr\/chalets-de-luxe-a-nendaz\/","og_site_name":"Alpine Comfort","article_modified_time":"2017-06-05T19:41:49+00:00","twitter_misc":{"Dur\u00e9e de lecture estim\u00e9e":"1 minute"},"schema":{"@context":"https:\/\/schema.org","@graph":[{"@type":"WebPage","@id":"https:\/\/alpine-comfort.com\/fr\/chalets-de-luxe-a-nendaz\/","url":"https:\/\/alpine-comfort.com\/fr\/chalets-de-luxe-a-nendaz\/","name":"Chalets de Luxe \u00e0 Nendaz, location des chalets de luxe","isPartOf":{"@id":"https:\/\/alpine-comfort.com\/#website"},"datePublished":"2013-04-21T12:25:32+00:00","dateModified":"2017-06-05T19:41:49+00:00","description":"Nous sommes fiers de pr\u00e9senter un nouveau service chez Alpine Comfort. Les locations des Chalets de Luxe \u00e0 Nendaz 4 Vall\u00e9es au domain de Verbier","inLanguage":"fr-FR","potentialAction":[{"@type":"ReadAction","target":["https:\/\/alpine-comfort.com\/fr\/chalets-de-luxe-a-nendaz\/"]}]},{"@type":"WebSite","@id":"https:\/\/alpine-comfort.com\/#website","url":"https:\/\/alpine-comfort.com\/","name":"Alpine Comfort","description":"Pure Luxury Mountain Accommodation","potentialAction":[{"@type":"SearchAction","target":{"@type":"EntryPoint","urlTemplate":"https:\/\/alpine-comfort.com\/?s={search_term_string}"},"query-input":{"@type":"PropertyValueSpecification","valueRequired":true,"valueName":"search_term_string"}}],"inLanguage":"fr-FR"}]}},"_links":{"self":[{"href":"https:\/\/alpine-comfort.com\/fr\/wp-json\/wp\/v2\/pages\/4482","targetHints":{"allow":["GET"]}}],"collection":[{"href":"https:\/\/alpine-comfort.com\/fr\/wp-json\/wp\/v2\/pages"}],"about":[{"href":"https:\/\/alpine-comfort.com\/fr\/wp-json\/wp\/v2\/types\/page"}],"author":[{"embeddable":true,"href":"https:\/\/alpine-comfort.com\/fr\/wp-json\/wp\/v2\/users\/1"}],"replies":[{"embeddable":true,"href":"https:\/\/alpine-comfort.com\/fr\/wp-json\/wp\/v2\/comments?post=4482"}],"version-history":[{"count":14,"href":"https:\/\/alpine-comfort.com\/fr\/wp-json\/wp\/v2\/pages\/4482\/revisions"}],"predecessor-version":[{"id":11940,"href":"https:\/\/alpine-comfort.com\/fr\/wp-json\/wp\/v2\/pages\/4482\/revisions\/11940"}],"wp:attachment":[{"href":"https:\/\/alpine-comfort.com\/fr\/wp-json\/wp\/v2\/media?parent=4482"}],"curies":[{"name":"wp","href":"https:\/\/api.w.org\/{rel}","templated":true}]}}