{"id":4490,"date":"2013-04-20T07:10:45","date_gmt":"2013-04-20T07:10:45","guid":{"rendered":"http:\/\/www.alpine-comfort.ch\/summer-prices\/"},"modified":"2017-06-05T13:53:39","modified_gmt":"2017-06-05T13:53:39","slug":"tarifs-bb-estivaux","status":"publish","type":"page","link":"https:\/\/alpine-comfort.com\/fr\/prix-reservations\/tarifs-bb-estivaux\/","title":{"rendered":"Tarifs Estivaux"},"content":{"rendered":"<p style=\"text-align: left;\"><div class=\"fusion-fullwidth fullwidth-box fusion-builder-row-1 hundred-percent-fullwidth non-hundred-percent-height-scrolling\" style=\"--awb-border-radius-top-left:0px;--awb-border-radius-top-right:0px;--awb-border-radius-bottom-right:0px;--awb-border-radius-bottom-left:0px;--awb-overflow:visible;--awb-flex-wrap:wrap;\" ><div class=\"fusion-builder-row fusion-row\"><div class=\"fusion-layout-column fusion_builder_column fusion-builder-column-0 fusion_builder_column_1_1 1_1 fusion-one-full fusion-column-first fusion-column-last fusion-column-no-min-height\" style=\"--awb-bg-size:cover;--awb-margin-bottom:0px;\"><div class=\"fusion-column-wrapper fusion-flex-column-wrapper-legacy\"><div class=\"fusion-title title fusion-title-1 fusion-title-text fusion-title-size-two\" style=\"--awb-margin-top-small:10px;--awb-margin-right-small:0px;--awb-margin-bottom-small:10px;--awb-margin-left-small:0px;\"><h2 class=\"fusion-title-heading title-heading-left\" style=\"margin:0;\">Saison Et\u00e9 2017<\/h2><span class=\"awb-title-spacer\"><\/span><div class=\"title-sep-container\"><div class=\"title-sep sep-double sep-solid\" style=\"border-color:var(--awb-color3);\"><\/div><\/div><\/div>\n<div class=\"fusion-clearfix\"><\/div><\/div><\/div><div class=\"fusion-layout-column fusion_builder_column fusion-builder-column-1 fusion_builder_column_1_1 1_1 fusion-one-full fusion-column-first fusion-column-last fusion-column-no-min-height\" style=\"--awb-bg-size:cover;--awb-margin-bottom:0px;\"><div class=\"fusion-column-wrapper fusion-flex-column-wrapper-legacy\"><div class=\"fusion-title title fusion-title-2 fusion-title-text fusion-title-size-three\" style=\"--awb-margin-top-small:10px;--awb-margin-right-small:0px;--awb-margin-bottom-small:10px;--awb-margin-left-small:0px;\"><h3 class=\"fusion-title-heading title-heading-left\" style=\"margin:0;\">Le Chalet Cygnet peut accueillir de 1 \u00e0 4 personnes<\/h3><span class=\"awb-title-spacer\"><\/span><div class=\"title-sep-container\"><div class=\"title-sep sep-double sep-solid\" style=\"border-color:var(--awb-color3);\"><\/div><\/div><\/div>\n<p>Veuillez noter que tous nos tarifs sont en francs suisses pour 4 personnes.<br \/>\nPour des dates diff\u00e9rentes &lsquo;arriv\u00e9es et de d\u00e9part, merci de nous contacter<\/p>\n<div class=\"fusion-clearfix\"><\/div><\/div><\/div><div class=\"fusion-layout-column fusion_builder_column fusion-builder-column-2 fusion_builder_column_1_1 1_1 fusion-one-full fusion-column-first fusion-column-last fusion-column-no-min-height\" style=\"--awb-bg-size:cover;--awb-margin-bottom:0px;\"><div class=\"fusion-column-wrapper fusion-flex-column-wrapper-legacy\"><div class=\"fusion-title title fusion-title-3 fusion-title-text fusion-title-size-three\" style=\"--awb-margin-top-small:10px;--awb-margin-right-small:0px;--awb-margin-bottom-small:10px;--awb-margin-left-small:0px;\"><h3 class=\"fusion-title-heading title-heading-left\" style=\"margin:0;\">R\u00e9servations \u00e0 la nuit\u00e9e ou en petit group<\/h3><span class=\"awb-title-spacer\"><\/span><div class=\"title-sep-container\"><div class=\"title-sep sep-double sep-solid\" style=\"border-color:var(--awb-color3);\"><\/div><\/div><\/div>\nLe\u00a0Chalet Cygnet est disponible pour une courte s\u00e9jour. Il vous suffit de choisir votre jour d&rsquo;arriv\u00e9e et la dur\u00e9e de votre s\u00e9jour.<br \/>\nPour des petit group a deux personnes contactes nous directement pour un prix.<\/p>\n<h3><div class=\"fusion-sep-clear\"><\/div><div class=\"fusion-separator fusion-full-width-sep\" style=\"margin-left: auto;margin-right: auto;margin-top:10px;margin-bottom:10px;width:100%;\"><\/div><div class=\"fusion-sep-clear\"><\/div><\/h3>\n<h2><strong>10% DE REDUCTION\u00a0d\u00e9s 7\u00a0<\/strong>nuits<\/h2>\n<h3>Basse Saison: 26. Avril &#8211; 14. May, 22. Octobre &#8211; 17. Decembre<\/h3>\n<div class=\"fusion-clearfix\"><\/div><\/div><\/div><div class=\"fusion-layout-column fusion_builder_column fusion-builder-column-3 fusion_builder_column_1_1 1_1 fusion-one-full fusion-column-first fusion-column-last fusion-column-no-min-height\" style=\"--awb-bg-size:cover;--awb-margin-bottom:0px;\"><div class=\"fusion-column-wrapper fusion-flex-column-wrapper-legacy\"><style type='text\/css'>\n\t\t\t\t.pricing-table-1.fusion-pricing-table .panel-container, .pricing-table-1.fusion-pricing-table .standout .panel-container,\n\t\t\t\t.pricing-table-1.full-boxed-pricing.fusion-pricing-table {background-color:var(--awb-color2);}\n\t\t\t\t.pricing-table-1.fusion-pricing-table .list-group .list-group-item,\n\t\t\t\t.pricing-table-1.fusion-pricing-table .list-group .list-group-item:last-child{background-color:var(--awb-color1); border-color:var(--awb-color3);}\n\t\t\t\t.pricing-table-1.full-boxed-pricing.fusion-pricing-table .panel-wrapper:hover .panel-heading,\n\t\t\t\t.pricing-table-1.fusion-pricing-table .panel-wrapper:hover .list-group-item {background-color:var(--awb-color2);}\n\t\t\t\t.pricing-table-1.full-boxed-pricing.fusion-pricing-table .panel-heading{background-color:var(--awb-color1);}\n\t\t\t\t.pricing-table-1.fusion-pricing-table .fusion-panel, .pricing-table-1 .panel-wrapper:last-child .fusion-panel,\n\t\t\t\t.pricing-table-1.fusion-pricing-table .standout .fusion-panel, .pricing-table-1.fusion-pricing-table  .panel-heading,\n\t\t\t\t.pricing-table-1.fusion-pricing-table .panel-body, .pricing-table-1.fusion-pricing-table .panel-footer{border-color:var(--awb-color3);}\n\t\t\t\t.pricing-table-1.fusion-pricing-table .panel-body, .pricing-table-1.fusion-pricing-table .panel-footer{background-color:var(--awb-color2);}\n\t\t\t\t.pricing-table-1.sep-boxed-pricing.fusion-pricing-table .panel-heading h3{color:var(--awb-color8);}\n\t\t\t\t.pricing-table-1.full-boxed-pricing.fusion-pricing-table .panel-heading h3{color:var(--awb-color8);}\n\t\t\t\t.pricing-table-1.fusion-pricing-table .panel-body .price .decimal-part{color:#c46262;}\n\t\t\t\t.pricing-table-1.fusion-pricing-table .panel-body .price .integer-part{color:#c46262;}\n\t\t\t\t.pricing-table-1.fusion-pricing-table ul.list-group li{color:#747474;}\n\t\t\t\t<\/style><div class=\"fusion-pricing-table pricing-table-1 full-boxed-pricing row fusion-columns-3 columns-3 fusion-clearfix\">\n<div class=\"panel-wrapper fusion-column column col-lg-4 col-md-4 col-sm-4 fusion-pricingtable-column\"><div class=\"panel-container\"><div class=\"fusion-panel\"><div class=\"panel-heading\"><h3 class=\"title-row\">Chalet<\/h3><\/div>\n<ul class=\"list-group\"><li class=\"list-group-item normal-row\">7 nuits<\/li>\n<li class=\"list-group-item normal-row\">max 4 personnes<\/li>\n<\/ul><div class=\"panel-footer footer-row\"><strong>SFR 2000<\/strong><\/div>\n<\/div><\/div><\/div>\n<div class=\"panel-wrapper fusion-column column col-lg-4 col-md-4 col-sm-4 fusion-pricingtable-column\"><div class=\"panel-container\"><div class=\"fusion-panel\"><div class=\"panel-heading\"><h3 class=\"title-row\">B&amp;B<\/h3><\/div>\n<ul class=\"list-group\"><li class=\"list-group-item normal-row\">7 nuits<\/li>\n<li class=\"list-group-item normal-row\">max 4 personnes<\/li>\n<\/ul><div class=\"panel-footer footer-row\"><strong>SFR 2760<\/strong><\/div>\n<\/div><\/div><\/div>\n<div class=\"panel-wrapper fusion-column column col-lg-4 col-md-4 col-sm-4 fusion-pricingtable-column\"><div class=\"panel-container\"><div class=\"fusion-panel\"><div class=\"panel-heading\"><h3 class=\"title-row\">B&amp;B par jour<\/h3><\/div>\n<ul class=\"list-group\"><li class=\"list-group-item normal-row\">d\u00e9s 1 nuit<\/li>\n<li class=\"list-group-item normal-row\">max 4 personnes<\/li>\n<\/ul><div class=\"panel-footer footer-row\"><strong>SFR 460<\/strong><\/div>\n<\/div><\/div><\/div>\n<\/div>\n<h3>Moyenne Saison: 14. May &#8211; 30. Juin, 21. August &#8211; 22. Septembre<\/h3>\n<div class=\"fusion-clearfix\"><\/div><\/div><\/div><div class=\"fusion-layout-column fusion_builder_column fusion-builder-column-4 fusion_builder_column_1_1 1_1 fusion-one-full fusion-column-first fusion-column-last fusion-column-no-min-height\" style=\"--awb-bg-size:cover;--awb-margin-bottom:0px;\"><div class=\"fusion-column-wrapper fusion-flex-column-wrapper-legacy\"><style type='text\/css'>\n\t\t\t\t.pricing-table-2.fusion-pricing-table .panel-container, .pricing-table-2.fusion-pricing-table .standout .panel-container,\n\t\t\t\t.pricing-table-2.full-boxed-pricing.fusion-pricing-table {background-color:var(--awb-color2);}\n\t\t\t\t.pricing-table-2.fusion-pricing-table .list-group .list-group-item,\n\t\t\t\t.pricing-table-2.fusion-pricing-table .list-group .list-group-item:last-child{background-color:var(--awb-color1); border-color:var(--awb-color3);}\n\t\t\t\t.pricing-table-2.full-boxed-pricing.fusion-pricing-table .panel-wrapper:hover .panel-heading,\n\t\t\t\t.pricing-table-2.fusion-pricing-table .panel-wrapper:hover .list-group-item {background-color:var(--awb-color2);}\n\t\t\t\t.pricing-table-2.full-boxed-pricing.fusion-pricing-table .panel-heading{background-color:var(--awb-color1);}\n\t\t\t\t.pricing-table-2.fusion-pricing-table .fusion-panel, .pricing-table-2 .panel-wrapper:last-child .fusion-panel,\n\t\t\t\t.pricing-table-2.fusion-pricing-table .standout .fusion-panel, .pricing-table-2.fusion-pricing-table  .panel-heading,\n\t\t\t\t.pricing-table-2.fusion-pricing-table .panel-body, .pricing-table-2.fusion-pricing-table .panel-footer{border-color:var(--awb-color3);}\n\t\t\t\t.pricing-table-2.fusion-pricing-table .panel-body, .pricing-table-2.fusion-pricing-table .panel-footer{background-color:var(--awb-color2);}\n\t\t\t\t.pricing-table-2.sep-boxed-pricing.fusion-pricing-table .panel-heading h3{color:var(--awb-color8);}\n\t\t\t\t.pricing-table-2.full-boxed-pricing.fusion-pricing-table .panel-heading h3{color:var(--awb-color8);}\n\t\t\t\t.pricing-table-2.fusion-pricing-table .panel-body .price .decimal-part{color:#c46262;}\n\t\t\t\t.pricing-table-2.fusion-pricing-table .panel-body .price .integer-part{color:#c46262;}\n\t\t\t\t.pricing-table-2.fusion-pricing-table ul.list-group li{color:#747474;}\n\t\t\t\t<\/style><div class=\"fusion-pricing-table pricing-table-2 full-boxed-pricing row fusion-columns-3 columns-3 fusion-clearfix\">\n<div class=\"panel-wrapper fusion-column column col-lg-4 col-md-4 col-sm-4 fusion-pricingtable-column\"><div class=\"panel-container\"><div class=\"fusion-panel\"><div class=\"panel-heading\"><h3 class=\"title-row\">Chalet<\/h3><\/div>\n<ul class=\"list-group\"><li class=\"list-group-item normal-row\">7 nuits<\/li>\n<li class=\"list-group-item normal-row\">max 4 personnes<\/li>\n<\/ul><div class=\"panel-footer footer-row\"><strong>SFR 2300<\/strong><\/div>\n<\/div><\/div><\/div>\n<div class=\"panel-wrapper fusion-column column col-lg-4 col-md-4 col-sm-4 fusion-pricingtable-column\"><div class=\"panel-container\"><div class=\"fusion-panel\"><div class=\"panel-heading\"><h3 class=\"title-row\">B&amp;B<\/h3><\/div>\n<ul class=\"list-group\"><li class=\"list-group-item normal-row\">7 nuits<\/li>\n<li class=\"list-group-item normal-row\">max 4 personnes<\/li>\n<\/ul><div class=\"panel-footer footer-row\"><strong>SFR 3120<\/strong><\/div>\n<\/div><\/div><\/div>\n<div class=\"panel-wrapper fusion-column column col-lg-4 col-md-4 col-sm-4 fusion-pricingtable-column\"><div class=\"panel-container\"><div class=\"fusion-panel\"><div class=\"panel-heading\"><h3 class=\"title-row\">B&amp;B par jour<\/h3><\/div>\n<ul class=\"list-group\"><li class=\"list-group-item normal-row\">d\u00e8s 1 nuit<\/li>\n<li class=\"list-group-item normal-row\">max 4 personnes<\/li>\n<\/ul><div class=\"panel-footer footer-row\"> <strong>SFR 520<\/strong><\/div>\n<\/div><\/div><\/div>\n<\/div>\n<h3>Haute Saison: 01. Juillet\u00a0&#8211; 21. Aout<\/h3>\n<div class=\"fusion-clearfix\"><\/div><\/div><\/div><div class=\"fusion-layout-column fusion_builder_column fusion-builder-column-5 fusion_builder_column_1_1 1_1 fusion-one-full fusion-column-first fusion-column-last fusion-column-no-min-height\" style=\"--awb-bg-size:cover;--awb-margin-bottom:0px;\"><div class=\"fusion-column-wrapper fusion-flex-column-wrapper-legacy\"><style type='text\/css'>\n\t\t\t\t.pricing-table-3.fusion-pricing-table .panel-container, .pricing-table-3.fusion-pricing-table .standout .panel-container,\n\t\t\t\t.pricing-table-3.full-boxed-pricing.fusion-pricing-table {background-color:var(--awb-color2);}\n\t\t\t\t.pricing-table-3.fusion-pricing-table .list-group .list-group-item,\n\t\t\t\t.pricing-table-3.fusion-pricing-table .list-group .list-group-item:last-child{background-color:var(--awb-color1); border-color:var(--awb-color3);}\n\t\t\t\t.pricing-table-3.full-boxed-pricing.fusion-pricing-table .panel-wrapper:hover .panel-heading,\n\t\t\t\t.pricing-table-3.fusion-pricing-table .panel-wrapper:hover .list-group-item {background-color:var(--awb-color2);}\n\t\t\t\t.pricing-table-3.full-boxed-pricing.fusion-pricing-table .panel-heading{background-color:var(--awb-color1);}\n\t\t\t\t.pricing-table-3.fusion-pricing-table .fusion-panel, .pricing-table-3 .panel-wrapper:last-child .fusion-panel,\n\t\t\t\t.pricing-table-3.fusion-pricing-table .standout .fusion-panel, .pricing-table-3.fusion-pricing-table  .panel-heading,\n\t\t\t\t.pricing-table-3.fusion-pricing-table .panel-body, .pricing-table-3.fusion-pricing-table .panel-footer{border-color:var(--awb-color3);}\n\t\t\t\t.pricing-table-3.fusion-pricing-table .panel-body, .pricing-table-3.fusion-pricing-table .panel-footer{background-color:var(--awb-color2);}\n\t\t\t\t.pricing-table-3.sep-boxed-pricing.fusion-pricing-table .panel-heading h3{color:var(--awb-color8);}\n\t\t\t\t.pricing-table-3.full-boxed-pricing.fusion-pricing-table .panel-heading h3{color:var(--awb-color8);}\n\t\t\t\t.pricing-table-3.fusion-pricing-table .panel-body .price .decimal-part{color:#c46262;}\n\t\t\t\t.pricing-table-3.fusion-pricing-table .panel-body .price .integer-part{color:#c46262;}\n\t\t\t\t.pricing-table-3.fusion-pricing-table ul.list-group li{color:#747474;}\n\t\t\t\t<\/style><div class=\"fusion-pricing-table pricing-table-3 full-boxed-pricing row fusion-columns-3 columns-3 fusion-clearfix\">\n<div class=\"panel-wrapper fusion-column column col-lg-4 col-md-4 col-sm-4 fusion-pricingtable-column\"><div class=\"panel-container\"><div class=\"fusion-panel\"><div class=\"panel-heading\"><h3 class=\"title-row\">Chalet<\/h3><\/div>\n<ul class=\"list-group\"><li class=\"list-group-item normal-row\">7 nuits<\/li>\n<li class=\"list-group-item normal-row\">max 4 personnes<\/li>\n<\/ul><div class=\"panel-footer footer-row\"><strong>SFR 2650<\/strong><\/div>\n<\/div><\/div><\/div>\n<div class=\"panel-wrapper fusion-column column col-lg-4 col-md-4 col-sm-4 fusion-pricingtable-column\"><div class=\"panel-container\"><div class=\"fusion-panel\"><div class=\"panel-heading\"><h3 class=\"title-row\">B&amp;B<\/h3><\/div>\n<ul class=\"list-group\"><li class=\"list-group-item normal-row\">7 nuits<\/li>\n<li class=\"list-group-item normal-row\">max 4 personnes<\/li>\n<\/ul><div class=\"panel-footer footer-row\"> <strong>SFR 3480<\/strong><\/div>\n<\/div><\/div><\/div>\n<div class=\"panel-wrapper fusion-column column col-lg-4 col-md-4 col-sm-4 fusion-pricingtable-column\"><div class=\"panel-container\"><div class=\"fusion-panel\"><div class=\"panel-heading\"><h3 class=\"title-row\">B&amp;B par jour<\/h3><\/div>\n<ul class=\"list-group\"><li class=\"list-group-item normal-row\">d\u00e8s 1 nuit<\/li>\n<li class=\"list-group-item normal-row\">max 4 personnes<\/li>\n<\/ul><div class=\"panel-footer footer-row\"><strong>SFR 580<\/strong><\/div>\n<\/div><\/div><\/div>\n<\/div><div class=\"fusion-sep-clear\"><\/div><div class=\"fusion-separator fusion-full-width-sep\" style=\"margin-left: auto;margin-right: auto;margin-top:40px;margin-bottom:40px;width:100%;\"><\/div><div class=\"fusion-sep-clear\"><\/div>\n<div class=\"fusion-clearfix\"><\/div><\/div><\/div><div class=\"fusion-layout-column fusion_builder_column fusion-builder-column-6 fusion_builder_column_1_2 1_2 fusion-one-half fusion-column-first\" style=\"--awb-bg-size:cover;width:50%;width:calc(50% - ( ( 4% ) * 0.5 ) );margin-right: 4%;\"><div class=\"fusion-column-wrapper fusion-flex-column-wrapper-legacy\">\n<div class=\"fusion-title title fusion-title-4 fusion-title-text fusion-title-size-three\" style=\"--awb-margin-top-small:10px;--awb-margin-right-small:0px;--awb-margin-bottom-small:10px;--awb-margin-left-small:0px;\"><h3 class=\"fusion-title-heading title-heading-left\" style=\"margin:0;\">Les Prix B&amp;B incluent<\/h3><span class=\"awb-title-spacer\"><\/span><div class=\"title-sep-container\"><div class=\"title-sep sep-double sep-solid\" style=\"border-color:var(--awb-color3);\"><\/div><\/div><\/div>\n<ul style=\"--awb-line-height:27.2px;--awb-icon-width:27.2px;--awb-icon-height:27.2px;--awb-icon-margin:11.2px;--awb-content-margin:38.4px;--awb-circlecolor:#a0ce4e;--awb-circle-yes-font-size:14.08px;\" class=\"fusion-checklist fusion-checklist-1 fusion-checklist-default type-icons\">\n\n<li class=\"fusion-li-item\" style=\"\"><span class=\"icon-wrapper circle-yes\"><i class=\"fusion-li-icon awb-icon-check\" aria-hidden=\"true\"><\/i><\/span><div class=\"fusion-li-item-content\">L&rsquo;h\u00e9bergement de luxe<\/div><\/li>\n<li class=\"fusion-li-item\" style=\"\"><span class=\"icon-wrapper circle-yes\"><i class=\"fusion-li-icon awb-icon-check\" aria-hidden=\"true\"><\/i><\/span><div class=\"fusion-li-item-content\">Utilisation du Jacuzzy (sur demande avec un s\u00e9jour 4 nuits ou plus)<\/div><\/li>\n<li class=\"fusion-li-item\" style=\"\"><span class=\"icon-wrapper circle-yes\"><i class=\"fusion-li-icon awb-icon-check\" aria-hidden=\"true\"><\/i><\/span><div class=\"fusion-li-item-content\">Le petit-d\u00e9jeuner di\u00e9t\u00e9tique aux sp\u00e9cialit\u00e9s montagnardes<\/div><\/li>\n<li class=\"fusion-li-item\" style=\"\"><span class=\"icon-wrapper circle-yes\"><i class=\"fusion-li-icon awb-icon-check\" aria-hidden=\"true\"><\/i><\/span><div class=\"fusion-li-item-content\">Le th\u00e9 de l&rsquo;apr\u00e8s-midi<\/div><\/li>\n<li class=\"fusion-li-item\" style=\"\"><span class=\"icon-wrapper circle-yes\"><i class=\"fusion-li-icon awb-icon-check\" aria-hidden=\"true\"><\/i><\/span><div class=\"fusion-li-item-content\">Les serviettes de bain et les peignoirs ultra-moelleux<\/div><\/li>\n<li class=\"fusion-li-item\" style=\"\"><span class=\"icon-wrapper circle-yes\"><i class=\"fusion-li-icon awb-icon-check\" aria-hidden=\"true\"><\/i><\/span><div class=\"fusion-li-item-content\">Les produits de toilette et le s\u00e8che-cheveux dans chaque chambre<\/div><\/li>\n<li class=\"fusion-li-item\" style=\"\"><span class=\"icon-wrapper circle-yes\"><i class=\"fusion-li-icon awb-icon-check\" aria-hidden=\"true\"><\/i><\/span><div class=\"fusion-li-item-content\">La TV, et un lecteur DVD<\/div><\/li>\n<li class=\"fusion-li-item\" style=\"\"><span class=\"icon-wrapper circle-yes\"><i class=\"fusion-li-icon awb-icon-check\" aria-hidden=\"true\"><\/i><\/span><div class=\"fusion-li-item-content\">Le WIFI et un docking station pour IPod<\/div><\/li>\n<li class=\"fusion-li-item\" style=\"\"><span class=\"icon-wrapper circle-yes\"><i class=\"fusion-li-icon awb-icon-check\" aria-hidden=\"true\"><\/i><\/span><div class=\"fusion-li-item-content\">Le syst\u00e8me Wii<\/div><\/li>\n<li class=\"fusion-li-item\" style=\"\"><span class=\"icon-wrapper circle-yes\"><i class=\"fusion-li-icon awb-icon-check\" aria-hidden=\"true\"><\/i><\/span><div class=\"fusion-li-item-content\">Le chauffeur de la station \u00e0 titre gratuit avant 1200 et entre 1530 et 1700, les autres services avec chauffeurs sur demande.<\/div><\/li>\n<li class=\"fusion-li-item\" style=\"\"><span class=\"icon-wrapper circle-yes\"><i class=\"fusion-li-icon awb-icon-check\" aria-hidden=\"true\"><\/i><\/span><div class=\"fusion-li-item-content\">Le transfert entre la station et la gare de Sion (si vous rester 5 nuits ou plus)<\/div><\/li>\n<li class=\"fusion-li-item\" style=\"\"><span class=\"icon-wrapper circle-yes\"><i class=\"fusion-li-icon awb-icon-check\" aria-hidden=\"true\"><\/i><\/span><div class=\"fusion-li-item-content\">Une excellente connaissance de la r\u00e9gion, des brochures d&rsquo;information<\/div><\/li>\n\n<\/ul>\n<div class=\"fusion-clearfix\"><\/div><\/div><\/div>\n<div class=\"fusion-layout-column fusion_builder_column fusion-builder-column-7 fusion_builder_column_1_2 1_2 fusion-one-half fusion-column-last\" style=\"--awb-bg-size:cover;width:50%;width:calc(50% - ( ( 4% ) * 0.5 ) );\"><div class=\"fusion-column-wrapper fusion-flex-column-wrapper-legacy\">\n<div class=\"fusion-title title fusion-title-5 fusion-title-text fusion-title-size-three\" style=\"--awb-margin-top-small:10px;--awb-margin-right-small:0px;--awb-margin-bottom-small:10px;--awb-margin-left-small:0px;\"><h3 class=\"fusion-title-heading title-heading-left\" style=\"margin:0;\">Les Prix du chalet incluent<\/h3><span class=\"awb-title-spacer\"><\/span><div class=\"title-sep-container\"><div class=\"title-sep sep-double sep-solid\" style=\"border-color:var(--awb-color3);\"><\/div><\/div><\/div>\n<ul style=\"--awb-line-height:27.2px;--awb-icon-width:27.2px;--awb-icon-height:27.2px;--awb-icon-margin:11.2px;--awb-content-margin:38.4px;--awb-circlecolor:#a0ce4e;--awb-circle-yes-font-size:14.08px;\" class=\"fusion-checklist fusion-checklist-2 fusion-checklist-default type-icons\">\n\n<li class=\"fusion-li-item\" style=\"\"><span class=\"icon-wrapper circle-yes\"><i class=\"fusion-li-icon awb-icon-check\" aria-hidden=\"true\"><\/i><\/span><div class=\"fusion-li-item-content\">L&rsquo;h\u00e9bergement de luxe<\/div><\/li>\n<li class=\"fusion-li-item\" style=\"\"><span class=\"icon-wrapper circle-yes\"><i class=\"fusion-li-icon awb-icon-check\" aria-hidden=\"true\"><\/i><\/span><div class=\"fusion-li-item-content\">Utilisation du Jacuzzy (sur demande avec un s\u00e9jour 4 nuits ou plus)<\/div><\/li>\n<li class=\"fusion-li-item\" style=\"\"><span class=\"icon-wrapper circle-yes\"><i class=\"fusion-li-icon awb-icon-check\" aria-hidden=\"true\"><\/i><\/span><div class=\"fusion-li-item-content\">Les serviettes de bain et les peignoirs ultra-moelleux<\/div><\/li>\n<li class=\"fusion-li-item\" style=\"\"><span class=\"icon-wrapper circle-yes\"><i class=\"fusion-li-icon awb-icon-check\" aria-hidden=\"true\"><\/i><\/span><div class=\"fusion-li-item-content\">Les produits de toilette et le s\u00e8che-cheveux dans chaque chambre<\/div><\/li>\n<li class=\"fusion-li-item\" style=\"\"><span class=\"icon-wrapper circle-yes\"><i class=\"fusion-li-icon awb-icon-check\" aria-hidden=\"true\"><\/i><\/span><div class=\"fusion-li-item-content\">La TV, et un lecteur DVD<\/div><\/li>\n<li class=\"fusion-li-item\" style=\"\"><span class=\"icon-wrapper circle-yes\"><i class=\"fusion-li-icon awb-icon-check\" aria-hidden=\"true\"><\/i><\/span><div class=\"fusion-li-item-content\">Le WIFI et un docking station pour IPod<\/div><\/li>\n<li class=\"fusion-li-item\" style=\"\"><span class=\"icon-wrapper circle-yes\"><i class=\"fusion-li-icon awb-icon-check\" aria-hidden=\"true\"><\/i><\/span><div class=\"fusion-li-item-content\">Le syst\u00e8me Wii<\/div><\/li>\n<li class=\"fusion-li-item\" style=\"\"><span class=\"icon-wrapper circle-yes\"><i class=\"fusion-li-icon awb-icon-check\" aria-hidden=\"true\"><\/i><\/span><div class=\"fusion-li-item-content\">Service blanchisserie<\/div><\/li>\n<li class=\"fusion-li-item\" style=\"\"><span class=\"icon-wrapper circle-yes\"><i class=\"fusion-li-icon awb-icon-check\" aria-hidden=\"true\"><\/i><\/span><div class=\"fusion-li-item-content\">Une excellente connaissance de la r\u00e9gion, des brochures d&rsquo;information<\/div><\/li>\n\n<\/ul>\n<div class=\"fusion-title title fusion-title-6 fusion-title-text fusion-title-size-three\" style=\"--awb-margin-top-small:10px;--awb-margin-right-small:0px;--awb-margin-bottom-small:10px;--awb-margin-left-small:0px;\"><h3 class=\"fusion-title-heading title-heading-left\" style=\"margin:0;\">Les Prix n&rsquo;incluent PAS<\/h3><span class=\"awb-title-spacer\"><\/span><div class=\"title-sep-container\"><div class=\"title-sep sep-double sep-solid\" style=\"border-color:var(--awb-color3);\"><\/div><\/div><\/div>\n<ul style=\"--awb-line-height:27.2px;--awb-icon-width:27.2px;--awb-icon-height:27.2px;--awb-icon-margin:11.2px;--awb-content-margin:38.4px;--awb-circlecolor:#a0ce4e;--awb-circle-yes-font-size:14.08px;\" class=\"fusion-checklist fusion-checklist-3 fusion-checklist-default type-icons\">\n\n<li class=\"fusion-li-item\" style=\"\"><span class=\"icon-wrapper circle-yes\"><i class=\"fusion-li-icon awb-icon-check\" aria-hidden=\"true\"><\/i><\/span><div class=\"fusion-li-item-content\">Le voyage \u00e0 destination<\/div><\/li>\n<li class=\"fusion-li-item\" style=\"\"><span class=\"icon-wrapper circle-yes\"><i class=\"fusion-li-icon awb-icon-check\" aria-hidden=\"true\"><\/i><\/span><div class=\"fusion-li-item-content\">Les taxes touristiques locales<\/div><\/li>\n<li class=\"fusion-li-item\" style=\"\"><span class=\"icon-wrapper circle-yes\"><i class=\"fusion-li-icon awb-icon-check\" aria-hidden=\"true\"><\/i><\/span><div class=\"fusion-li-item-content\">L&rsquo;assurance<\/div><\/li>\n<li class=\"fusion-li-item\" style=\"\"><span class=\"icon-wrapper circle-yes\"><i class=\"fusion-li-icon awb-icon-check\" aria-hidden=\"true\"><\/i><\/span><div class=\"fusion-li-item-content\">Le forfait Remont\u00e9es m\u00e9caniques<\/div><\/li>\n<li class=\"fusion-li-item\" style=\"\"><span class=\"icon-wrapper circle-yes\"><i class=\"fusion-li-icon awb-icon-check\" aria-hidden=\"true\"><\/i><\/span><div class=\"fusion-li-item-content\">Toute autre activit\u00e9<\/div><\/li>\n<li class=\"fusion-li-item\" style=\"\"><span class=\"icon-wrapper circle-yes\"><i class=\"fusion-li-icon awb-icon-check\" aria-hidden=\"true\"><\/i><\/span><div class=\"fusion-li-item-content\">Les d\u00e9jeuners CHf 15.- lunchpack<\/div><\/li>\n<li class=\"fusion-li-item\" style=\"\"><span class=\"icon-wrapper circle-yes\"><i class=\"fusion-li-icon awb-icon-check\" aria-hidden=\"true\"><\/i><\/span><div class=\"fusion-li-item-content\">Le d\u00eener<\/div><\/li>\n<li class=\"fusion-li-item\" style=\"\"><span class=\"icon-wrapper circle-yes\"><i class=\"fusion-li-icon awb-icon-check\" aria-hidden=\"true\"><\/i><\/span><div class=\"fusion-li-item-content\">Le mini bar<\/div><\/li>\n\n<\/ul>\n<div class=\"fusion-clearfix\"><\/div><\/div><\/div>\n<div class=\"fusion-layout-column fusion_builder_column fusion-builder-column-8 fusion_builder_column_1_1 1_1 fusion-one-full fusion-column-first fusion-column-last fusion-column-no-min-height\" style=\"--awb-bg-size:cover;--awb-margin-bottom:0px;\"><div class=\"fusion-column-wrapper fusion-flex-column-wrapper-legacy\"><div class=\"fusion-title title fusion-title-7 fusion-title-text fusion-title-size-two\" style=\"--awb-margin-top-small:10px;--awb-margin-right-small:0px;--awb-margin-bottom-small:10px;--awb-margin-left-small:0px;\"><h2 class=\"fusion-title-heading title-heading-left\" style=\"margin:0;\">D\u00eener au Chalet<\/h2><span class=\"awb-title-spacer\"><\/span><div class=\"title-sep-container\"><div class=\"title-sep sep-double sep-solid\" style=\"border-color:var(--awb-color3);\"><\/div><\/div><\/div>\n<p>Un d\u00eener \u00e0 trois plats avec vin et la bi\u00e8re peut \u00eatre servir dans le chalet pour CHF 65. &#8211; par adulte et un repas \u00e0 2 plats pour les enfants pour CHF 30. \u2013 Ce service est uniquement sur demande et un minimum de 3 nuits, et doit \u00eatre pay\u00e9 sur place.<\/p>\n<div class=\"fusion-clearfix\"><\/div><\/div><\/div><div class=\"fusion-layout-column fusion_builder_column fusion-builder-column-9 fusion_builder_column_1_1 1_1 fusion-one-full fusion-column-first fusion-column-last fusion-column-no-min-height\" style=\"--awb-bg-size:cover;--awb-margin-bottom:0px;\"><div class=\"fusion-column-wrapper fusion-flex-column-wrapper-legacy\"><div class=\"fusion-title title fusion-title-8 fusion-title-text fusion-title-size-two\" style=\"--awb-margin-top-small:10px;--awb-margin-right-small:0px;--awb-margin-bottom-small:10px;--awb-margin-left-small:0px;\"><h2 class=\"fusion-title-heading title-heading-left\" style=\"margin:0;\">G\u00e9neral<\/h2><span class=\"awb-title-spacer\"><\/span><div class=\"title-sep-container\"><div class=\"title-sep sep-double sep-solid\" style=\"border-color:var(--awb-color3);\"><\/div><\/div><\/div>\n<p><strong>Check-in et Check-out<br \/>\n<\/strong>Nous vous remercions de prendre vos dispositions de fa\u00e7on \u00e0 arriver au Chalet Cygnet apr\u00e8s 16h. S&rsquo;il n&rsquo;y a pas de clients en partance, il vous sera possible d&rsquo;arriver plus t\u00f4t.<br \/>\nVotre heure de d\u00e9part ne devrait pas \u00eatre apr\u00e8s 10h30. Si vous le souhaitez, vous pouvez laisser vos bagages avec nous puis les reprendre plus tard dans la journ\u00e9e. Veuillez noter qu&rsquo;apr\u00e8s 12h nous ne pourrons mettre \u00e0 votre disposition un transport gratuit pour la gare de Sion.<\/p>\n<p>R\u00e9ductions points Fid\u00e9lit\u00e9<br \/>\nSi vous avez d\u00e9j\u00e0 s\u00e9journ\u00e9 chez nous auparavant, vous pourrez b\u00e9n\u00e9ficier d&rsquo;une r\u00e9duction de 5%.<\/p>\n<p><strong>Lits suppl\u00e9mentaires<\/strong><br \/>\nAucun lit suppl\u00e9mentaire n&rsquo;est disponible sauf un lits b\u00e9b\u00e9<\/p>\n<p><strong>Enfants<\/strong><br \/>\nNous avons plusieurs d&rsquo;\u00e9quipement pour les enfants disponible au chalet, comprenant un lit, chaise haute, jouets, couverts et assiettes<br \/>\nPour un groupe de 4 seulement un b\u00e9b\u00e9 suppl\u00e9mentaire est permis ce qui rend le groupe jusqu&rsquo;\u00e0 5 personnes.<\/p>\n<p><strong>Paiement de la caution et du solde<\/strong><br \/>\nLa confirmation de la r\u00e9servation n\u00e9cessite une caution de 50 % du prix total. Cette caution n&rsquo;est pas remboursable en cas d&rsquo;annulation du s\u00e9jour. Pour toute circonstance grave motivant une annulation, veuillez nous contacter pour plus d&rsquo;information.<br \/>\nLe solde peut \u00eatre pay\u00e9 sure place.<\/p>\n<p><strong>N&rsquo;h\u00e9sitez pas \u00e0 nous contacter directement si vous avez des questions.<\/strong><div class=\"fusion-clearfix\"><\/div><\/div><\/div><\/div><\/div><\/p>\n","protected":false},"excerpt":{"rendered":"","protected":false},"author":1,"featured_media":0,"parent":4494,"menu_order":53,"comment_status":"open","ping_status":"open","template":"side-navigation.php","meta":{"footnotes":""},"class_list":["post-4490","page","type-page","status-publish","hentry"],"yoast_head":"<!-- This site is optimized with the Yoast SEO plugin v27.3 - https:\/\/yoast.com\/product\/yoast-seo-wordpress\/ -->\n<title>R\u00e9servation des chalets de luxe, Prix, location de chalet, B &amp; B<\/title>\n<meta name=\"description\" content=\"Les r\u00e9servations de chalet de luxe \u00e0 Nendaz offrent des s\u00e9jours de luxe pour l&#039;\u00e9t\u00e9 et l&#039;hiver. Cuisine gastronomique et personnel chez Chalet Cygnet.\" \/>\n<meta name=\"robots\" content=\"index, follow, max-snippet:-1, max-image-preview:large, max-video-preview:-1\" \/>\n<link rel=\"canonical\" href=\"https:\/\/alpine-comfort.com\/fr\/prix-reservations\/tarifs-bb-estivaux\/\" \/>\n<meta property=\"og:locale\" content=\"fr_FR\" \/>\n<meta property=\"og:type\" content=\"article\" \/>\n<meta property=\"og:title\" content=\"R\u00e9servation des chalets de luxe, Prix, location de chalet, B &amp; B\" \/>\n<meta property=\"og:description\" content=\"Les r\u00e9servations de chalet de luxe \u00e0 Nendaz offrent des s\u00e9jours de luxe pour l&#039;\u00e9t\u00e9 et l&#039;hiver. Cuisine gastronomique et personnel chez Chalet Cygnet.\" \/>\n<meta property=\"og:url\" content=\"https:\/\/alpine-comfort.com\/fr\/prix-reservations\/tarifs-bb-estivaux\/\" \/>\n<meta property=\"og:site_name\" content=\"Alpine Comfort\" \/>\n<meta property=\"article:modified_time\" content=\"2017-06-05T13:53:39+00:00\" \/>\n<meta name=\"twitter:label1\" content=\"Dur\u00e9e de lecture estim\u00e9e\" \/>\n\t<meta name=\"twitter:data1\" content=\"7 minutes\" \/>\n<script type=\"application\/ld+json\" class=\"yoast-schema-graph\">{\"@context\":\"https:\\\/\\\/schema.org\",\"@graph\":[{\"@type\":\"WebPage\",\"@id\":\"https:\\\/\\\/alpine-comfort.com\\\/fr\\\/prix-reservations\\\/tarifs-bb-estivaux\\\/\",\"url\":\"https:\\\/\\\/alpine-comfort.com\\\/fr\\\/prix-reservations\\\/tarifs-bb-estivaux\\\/\",\"name\":\"R\u00e9servation des chalets de luxe, Prix, location de chalet, B & B\",\"isPartOf\":{\"@id\":\"https:\\\/\\\/alpine-comfort.com\\\/#website\"},\"datePublished\":\"2013-04-20T07:10:45+00:00\",\"dateModified\":\"2017-06-05T13:53:39+00:00\",\"description\":\"Les r\u00e9servations de chalet de luxe \u00e0 Nendaz offrent des s\u00e9jours de luxe pour l'\u00e9t\u00e9 et l'hiver. Cuisine gastronomique et personnel chez Chalet Cygnet.\",\"breadcrumb\":{\"@id\":\"https:\\\/\\\/alpine-comfort.com\\\/fr\\\/prix-reservations\\\/tarifs-bb-estivaux\\\/#breadcrumb\"},\"inLanguage\":\"fr-FR\",\"potentialAction\":[{\"@type\":\"ReadAction\",\"target\":[\"https:\\\/\\\/alpine-comfort.com\\\/fr\\\/prix-reservations\\\/tarifs-bb-estivaux\\\/\"]}]},{\"@type\":\"BreadcrumbList\",\"@id\":\"https:\\\/\\\/alpine-comfort.com\\\/fr\\\/prix-reservations\\\/tarifs-bb-estivaux\\\/#breadcrumb\",\"itemListElement\":[{\"@type\":\"ListItem\",\"position\":1,\"name\":\"Prix &#038; R\u00e9servations\",\"item\":\"https:\\\/\\\/alpine-comfort.com\\\/fr\\\/prix-reservations\\\/\"},{\"@type\":\"ListItem\",\"position\":2,\"name\":\"Tarifs Estivaux\"}]},{\"@type\":\"WebSite\",\"@id\":\"https:\\\/\\\/alpine-comfort.com\\\/#website\",\"url\":\"https:\\\/\\\/alpine-comfort.com\\\/\",\"name\":\"Alpine Comfort\",\"description\":\"Pure Luxury Mountain Accommodation\",\"potentialAction\":[{\"@type\":\"SearchAction\",\"target\":{\"@type\":\"EntryPoint\",\"urlTemplate\":\"https:\\\/\\\/alpine-comfort.com\\\/?s={search_term_string}\"},\"query-input\":{\"@type\":\"PropertyValueSpecification\",\"valueRequired\":true,\"valueName\":\"search_term_string\"}}],\"inLanguage\":\"fr-FR\"}]}<\/script>\n<!-- \/ Yoast SEO plugin. -->","yoast_head_json":{"title":"R\u00e9servation des chalets de luxe, Prix, location de chalet, B & B","description":"Les r\u00e9servations de chalet de luxe \u00e0 Nendaz offrent des s\u00e9jours de luxe pour l'\u00e9t\u00e9 et l'hiver. Cuisine gastronomique et personnel chez Chalet Cygnet.","robots":{"index":"index","follow":"follow","max-snippet":"max-snippet:-1","max-image-preview":"max-image-preview:large","max-video-preview":"max-video-preview:-1"},"canonical":"https:\/\/alpine-comfort.com\/fr\/prix-reservations\/tarifs-bb-estivaux\/","og_locale":"fr_FR","og_type":"article","og_title":"R\u00e9servation des chalets de luxe, Prix, location de chalet, B & B","og_description":"Les r\u00e9servations de chalet de luxe \u00e0 Nendaz offrent des s\u00e9jours de luxe pour l'\u00e9t\u00e9 et l'hiver. Cuisine gastronomique et personnel chez Chalet Cygnet.","og_url":"https:\/\/alpine-comfort.com\/fr\/prix-reservations\/tarifs-bb-estivaux\/","og_site_name":"Alpine Comfort","article_modified_time":"2017-06-05T13:53:39+00:00","twitter_misc":{"Dur\u00e9e de lecture estim\u00e9e":"7 minutes"},"schema":{"@context":"https:\/\/schema.org","@graph":[{"@type":"WebPage","@id":"https:\/\/alpine-comfort.com\/fr\/prix-reservations\/tarifs-bb-estivaux\/","url":"https:\/\/alpine-comfort.com\/fr\/prix-reservations\/tarifs-bb-estivaux\/","name":"R\u00e9servation des chalets de luxe, Prix, location de chalet, B & B","isPartOf":{"@id":"https:\/\/alpine-comfort.com\/#website"},"datePublished":"2013-04-20T07:10:45+00:00","dateModified":"2017-06-05T13:53:39+00:00","description":"Les r\u00e9servations de chalet de luxe \u00e0 Nendaz offrent des s\u00e9jours de luxe pour l'\u00e9t\u00e9 et l'hiver. Cuisine gastronomique et personnel chez Chalet Cygnet.","breadcrumb":{"@id":"https:\/\/alpine-comfort.com\/fr\/prix-reservations\/tarifs-bb-estivaux\/#breadcrumb"},"inLanguage":"fr-FR","potentialAction":[{"@type":"ReadAction","target":["https:\/\/alpine-comfort.com\/fr\/prix-reservations\/tarifs-bb-estivaux\/"]}]},{"@type":"BreadcrumbList","@id":"https:\/\/alpine-comfort.com\/fr\/prix-reservations\/tarifs-bb-estivaux\/#breadcrumb","itemListElement":[{"@type":"ListItem","position":1,"name":"Prix &#038; R\u00e9servations","item":"https:\/\/alpine-comfort.com\/fr\/prix-reservations\/"},{"@type":"ListItem","position":2,"name":"Tarifs Estivaux"}]},{"@type":"WebSite","@id":"https:\/\/alpine-comfort.com\/#website","url":"https:\/\/alpine-comfort.com\/","name":"Alpine Comfort","description":"Pure Luxury Mountain Accommodation","potentialAction":[{"@type":"SearchAction","target":{"@type":"EntryPoint","urlTemplate":"https:\/\/alpine-comfort.com\/?s={search_term_string}"},"query-input":{"@type":"PropertyValueSpecification","valueRequired":true,"valueName":"search_term_string"}}],"inLanguage":"fr-FR"}]}},"_links":{"self":[{"href":"https:\/\/alpine-comfort.com\/fr\/wp-json\/wp\/v2\/pages\/4490","targetHints":{"allow":["GET"]}}],"collection":[{"href":"https:\/\/alpine-comfort.com\/fr\/wp-json\/wp\/v2\/pages"}],"about":[{"href":"https:\/\/alpine-comfort.com\/fr\/wp-json\/wp\/v2\/types\/page"}],"author":[{"embeddable":true,"href":"https:\/\/alpine-comfort.com\/fr\/wp-json\/wp\/v2\/users\/1"}],"replies":[{"embeddable":true,"href":"https:\/\/alpine-comfort.com\/fr\/wp-json\/wp\/v2\/comments?post=4490"}],"version-history":[{"count":59,"href":"https:\/\/alpine-comfort.com\/fr\/wp-json\/wp\/v2\/pages\/4490\/revisions"}],"predecessor-version":[{"id":12004,"href":"https:\/\/alpine-comfort.com\/fr\/wp-json\/wp\/v2\/pages\/4490\/revisions\/12004"}],"up":[{"embeddable":true,"href":"https:\/\/alpine-comfort.com\/fr\/wp-json\/wp\/v2\/pages\/4494"}],"wp:attachment":[{"href":"https:\/\/alpine-comfort.com\/fr\/wp-json\/wp\/v2\/media?parent=4490"}],"curies":[{"name":"wp","href":"https:\/\/api.w.org\/{rel}","templated":true}]}}