{"id":4496,"date":"2013-04-19T19:40:16","date_gmt":"2013-04-19T19:40:16","guid":{"rendered":"http:\/\/www.alpine-comfort.ch\/4-valleys\/"},"modified":"2017-06-19T20:53:40","modified_gmt":"2017-06-19T20:53:40","slug":"activites-estivales","status":"publish","type":"page","link":"https:\/\/alpine-comfort.com\/fr\/4-vallees\/activites-estivales\/","title":{"rendered":"Activit\u00e9s Estivales"},"content":{"rendered":"<div class=\"fusion-fullwidth fullwidth-box fusion-builder-row-1 hundred-percent-fullwidth non-hundred-percent-height-scrolling\" style=\"--awb-border-radius-top-left:0px;--awb-border-radius-top-right:0px;--awb-border-radius-bottom-right:0px;--awb-border-radius-bottom-left:0px;--awb-overflow:visible;--awb-flex-wrap:wrap;\" ><div class=\"fusion-builder-row fusion-row\"><div class=\"fusion-layout-column fusion_builder_column fusion-builder-column-0 fusion_builder_column_1_1 1_1 fusion-one-full fusion-column-first fusion-column-last fusion-column-no-min-height\" style=\"--awb-bg-size:cover;--awb-margin-bottom:0px;\"><div class=\"fusion-column-wrapper fusion-flex-column-wrapper-legacy\"><div class=\"fusion-title title fusion-title-1 fusion-title-text fusion-title-size-two\" style=\"--awb-margin-top-small:10px;--awb-margin-right-small:0px;--awb-margin-bottom-small:10px;--awb-margin-left-small:0px;\"><h2 class=\"fusion-title-heading title-heading-left\" style=\"margin:0;\">Actvit\u00e9s Estivales dans les 4 Vall\u00e9es<\/h2><span class=\"awb-title-spacer\"><\/span><div class=\"title-sep-container\"><div class=\"title-sep sep-double sep-solid\" style=\"border-color:var(--awb-color3);\"><\/div><\/div><\/div>\n<p>La r\u00e9gion des 4 Vall\u00e9es dans les Alpes Suisses offre d&rsquo;excellentes possibilit\u00e9s de randonn\u00e9es et VTT.<\/p>\n<p>L\u2019\u00e9tendue des possibilit\u00e9s ne s\u2019arr\u00eate toutefois pas l\u00e0 et vous pourrez profiter de bien d\u2019autres activit\u00e9s lors de votre s\u00e9jour inoubliable \u00e0 Nendaz.<\/p>\n<p>Partez en excursion vers l\u2019un des sommets les plus hauts de Suisse, au-del\u00e0 de 4000m d\u2019altitude, ou explorez une crevasse du c\u00e9l\u00e8bre glacier d\u2019Aletsch\u2026 sans oublier les nombreuses possibilit\u00e9s de pratiquer l\u2019escalade \u00e0 quelques minutes de voiture de votre chalet.<\/p>\n<p>Nous travaillons en \u00e9troite collaboration avec l\u2019un des plus prestigieux guide de montagne en Suisse \u2013 il vous emm\u00e8nera en s\u00e9curit\u00e9 vers les sommets les plus hauts.<\/p>\n<p>Nous sommes toujours disponible pour vous apportez des informations ou de l\u2019aide au Chalet Cygnet, mais nous souhaitons \u00e9galement vous aider \u00e0 pr\u00e9parer un programme d\u2019aventures\u00a0<em>outdoors<\/em>\u00a0dont vous vous rappellerez toute votre vie. C\u2019est notre passion, c\u2019est ce que nous aimons.. pourquoi ne pas le partager?<\/p>\n<div class=\"fusion-clearfix\"><\/div><\/div><\/div><div class=\"fusion-layout-column fusion_builder_column fusion-builder-column-1 fusion_builder_column_1_1 1_1 fusion-one-full fusion-column-first fusion-column-last fusion-column-no-min-height\" style=\"--awb-bg-size:cover;--awb-margin-bottom:0px;\"><div class=\"fusion-column-wrapper fusion-flex-column-wrapper-legacy\"><div class=\"fusion-title title fusion-title-2 fusion-title-text fusion-title-size-three\" style=\"--awb-margin-top-small:10px;--awb-margin-right-small:0px;--awb-margin-bottom-small:10px;--awb-margin-left-small:0px;\"><h3 class=\"fusion-title-heading title-heading-left\" style=\"margin:0;\">Promenades et Randonn\u00e9es<\/h3><span class=\"awb-title-spacer\"><\/span><div class=\"title-sep-container\"><div class=\"title-sep sep-double sep-solid\" style=\"border-color:var(--awb-color3);\"><\/div><\/div><\/div>\n<p>Les possibilit\u00e9s sont immenses. Nous avons une grande quantit\u00e9 d\u2019informations, de cartes, de suggestions qui vous attendent au chalet. La m\u00e9t\u00e9o joue un r\u00f4le important dans la s\u00e9curit\u00e9 et le plaisir des activit\u00e9s, et des changements de derni\u00e8re minutes doivent parfois \u00eatres n\u00e9cessaires. Vous trouverez toujours quelque chose \u00e0 faire!<\/p>\n<p>Nous avons parcouru les sentiers et bisses des 4 Vall\u00e9es de nombreuses fois et pouvons vous conseiller sur les meilleurs itin\u00e9raires en fonction de vos d\u00e9sirs \/ capacit\u00e9s, si vous souhaitez par exemple \u00e9viter des pentes trop raides ou des terrains trop accident\u00e9s.<\/p>\n<div class=\"fusion-clearfix\"><\/div><\/div><\/div><div class=\"fusion-layout-column fusion_builder_column fusion-builder-column-2 fusion_builder_column_1_1 1_1 fusion-one-full fusion-column-first fusion-column-last fusion-column-no-min-height\" style=\"--awb-bg-size:cover;--awb-margin-bottom:0px;\"><div class=\"fusion-column-wrapper fusion-flex-column-wrapper-legacy\"><div class=\"fusion-title title fusion-title-3 fusion-title-text fusion-title-size-three\" style=\"--awb-margin-top-small:10px;--awb-margin-right-small:0px;--awb-margin-bottom-small:10px;--awb-margin-left-small:0px;\"><h3 class=\"fusion-title-heading title-heading-left\" style=\"margin:0;\">Escalade<\/h3><span class=\"awb-title-spacer\"><\/span><div class=\"title-sep-container\"><div class=\"title-sep sep-double sep-solid\" style=\"border-color:var(--awb-color3);\"><\/div><\/div><\/div>\n<p>Pr\u00e8s de 30 sites d\u2019escalade avec plus de 1200 voies \u00e9quip\u00e9es vous attendent, avec des niveaux de difficult\u00e9s allant de 3c \u00e0 8c.<\/p>\n<p>Le Valais est la r\u00e9gion principale de Suisse pour pratiquer l\u2019escalade, et la plupart des sites de grimpe sont accessible entre 5 et 90 minutes de route depuis votre chalet. Si vous \u00eates d\u00e9butants et voulez vous initier, les conditions sont id\u00e9ales.<\/p>\n<p>En cas de mauvais temps, le plus grand centre d\u2019escalade d\u2019int\u00e9rieur du Valais se trouve \u00e0 30 minutes de route. Plus de 120 voies y sont propos\u00e9es sur une surface de 1500 m2.<\/p>\n<p>La location de mat\u00e9riel de grimpe est disponible aupr\u00e8s du magasin d\u2019escalade local.<\/p>\n<div class=\"fusion-clearfix\"><\/div><\/div><\/div><div class=\"fusion-layout-column fusion_builder_column fusion-builder-column-3 fusion_builder_column_1_1 1_1 fusion-one-full fusion-column-first fusion-column-last fusion-column-no-min-height\" style=\"--awb-bg-size:cover;--awb-margin-bottom:0px;\"><div class=\"fusion-column-wrapper fusion-flex-column-wrapper-legacy\"><div class=\"fusion-title title fusion-title-4 fusion-title-text fusion-title-size-three\" style=\"--awb-margin-top-small:10px;--awb-margin-right-small:0px;--awb-margin-bottom-small:10px;--awb-margin-left-small:0px;\"><h3 class=\"fusion-title-heading title-heading-left\" style=\"margin:0;\">Une Journ\u00e9e sur le Glacier<\/h3><span class=\"awb-title-spacer\"><\/span><div class=\"title-sep-container\"><div class=\"title-sep sep-double sep-solid\" style=\"border-color:var(--awb-color3);\"><\/div><\/div><\/div>\n<p>Vous \u00eates-vous d\u00e9j\u00e0 demand\u00e9 quel effet cela fait de se trouver \u00e0 c\u00f4t\u00e9 d\u2019une crevasse de glacier, de marcher sur la langue glaciaire?<\/p>\n<p>Avec l\u2019aide d\u2019un guide professionnel, vous d\u00e9couvrirez la beaut\u00e9 et apprendrez les dangers en explorant l\u2019un des glaciers les plus c\u00e9l\u00e8bre du monde \u2013 le\u00a0<strong>Glacier d\u2019Aletsch<\/strong>. Une activit\u00e9 accessible \u00e0 tous, d\u00e8s l\u2019\u00e2ge de 5-6 ans.<\/p>\n<p>Compter la journ\u00e9e compl\u00e8te, 1h15 de route depuis le chalet.<\/p>\n<div class=\"fusion-clearfix\"><\/div><\/div><\/div><div class=\"fusion-layout-column fusion_builder_column fusion-builder-column-4 fusion_builder_column_1_1 1_1 fusion-one-full fusion-column-first fusion-column-last fusion-column-no-min-height\" style=\"--awb-bg-size:cover;--awb-margin-bottom:0px;\"><div class=\"fusion-column-wrapper fusion-flex-column-wrapper-legacy\"><div class=\"fusion-title title fusion-title-5 fusion-title-text fusion-title-size-three\" style=\"--awb-margin-top-small:10px;--awb-margin-right-small:0px;--awb-margin-bottom-small:10px;--awb-margin-left-small:0px;\"><h3 class=\"fusion-title-heading title-heading-left\" style=\"margin:0;\">Alpinisme vers les Sommets de 4000m<\/h3><span class=\"awb-title-spacer\"><\/span><div class=\"title-sep-container\"><div class=\"title-sep sep-double sep-solid\" style=\"border-color:var(--awb-color3);\"><\/div><\/div><\/div>\n<p>Combien de fois avez vous lev\u00e9 les yeux vers les montagnes en imaginant un jour vous trouver au sommet? Pourquoi ne pas le faire pour de bon! Il existe plusieurs excursions journali\u00e8res \u00e0 partir du chalet qui vous permettrons de r\u00e9aliser ce r\u00eave.<\/p>\n<div class=\"fusion-clearfix\"><\/div><\/div><\/div><div class=\"fusion-layout-column fusion_builder_column fusion-builder-column-5 fusion_builder_column_1_1 1_1 fusion-one-full fusion-column-first fusion-column-last fusion-column-no-min-height\" style=\"--awb-bg-size:cover;--awb-margin-bottom:0px;\"><div class=\"fusion-column-wrapper fusion-flex-column-wrapper-legacy\"><div class=\"fusion-title title fusion-title-6 fusion-title-text fusion-title-size-three\" style=\"--awb-margin-top-small:10px;--awb-margin-right-small:0px;--awb-margin-bottom-small:10px;--awb-margin-left-small:0px;\"><h3 class=\"fusion-title-heading title-heading-left\" style=\"margin:0;\">Via Ferrata<\/h3><span class=\"awb-title-spacer\"><\/span><div class=\"title-sep-container\"><div class=\"title-sep sep-double sep-solid\" style=\"border-color:var(--awb-color3);\"><\/div><\/div><\/div>\n<p>Si vous \u00eates \u00e0 la recherche de sensation un peu plus extr\u00eames, mais n\u2019\u00eates pas int\u00e9ress\u00e9s par l\u2019option \u201cescalade\u201d, la\u00a0<strong>via ferrata<\/strong>\u00a0ou \u201cvoie f\u00e9r\u00e9e\u201d est pour vous!<\/p>\n<p>La via ferrata est une voie de grimpe assur\u00e9e par des plateformes en m\u00e9tal, une main courante et autres syst\u00e8mes de s\u00e9curit\u00e9. Sans avoir besoin de r\u00e9elle exp\u00e9rience, vous pourrez vous aventurer sur des parois rocheuses et profiter des vues incroyables qui vous sont offerte alors que vous \u00e9voluez sur la face.<\/p>\n<p>Autour du chalet, de nombreuses voies de via ferrata sont disponibles, \u00e0 tout au plus 1h de voiture. Ces voies sont accessibles \u00e0 toute la famille, sans besoin d\u2019exp\u00e9rience. Les enfants peuvent participer sans crainte \u00e0 cette activit\u00e9.<\/p>\n<div class=\"fusion-clearfix\"><\/div><\/div><\/div><div class=\"fusion-layout-column fusion_builder_column fusion-builder-column-6 fusion_builder_column_1_1 1_1 fusion-one-full fusion-column-first fusion-column-last fusion-column-no-min-height\" style=\"--awb-bg-size:cover;--awb-margin-bottom:0px;\"><div class=\"fusion-column-wrapper fusion-flex-column-wrapper-legacy\"><div class=\"fusion-title title fusion-title-7 fusion-title-text fusion-title-size-three\" style=\"--awb-margin-top-small:10px;--awb-margin-right-small:0px;--awb-margin-bottom-small:10px;--awb-margin-left-small:0px;\"><h3 class=\"fusion-title-heading title-heading-left\" style=\"margin:0;\">VTT<\/h3><span class=\"awb-title-spacer\"><\/span><div class=\"title-sep-container\"><div class=\"title-sep sep-double sep-solid\" style=\"border-color:var(--awb-color3);\"><\/div><\/div><\/div>\n<p>Nendaz et ses environs offrent une grande vari\u00e9t\u00e9 de pistes VTT avec plus de 200km d\u2019itin\u00e9raires \u00e0 disposition. Durant la saison ou les remont\u00e9es m\u00e9caniques fonctionnent, les v\u00e9los peuvent \u00eatre transport\u00e9s sans frais suppl\u00e9mentaires.<\/p>\n<p>Il existe \u00e9galement de nombreuses pistes de descente entre Nendaz, Verbier ou m\u00eame Crans Montana.<\/p>\n<p>La location de VTT de qualit\u00e9 est possible directement \u00e0 Nendaz.<\/p>\n<div>\n<div>\n<div class=\"fusion-clearfix\"><\/div><\/div><\/div><div class=\"fusion-layout-column fusion_builder_column fusion-builder-column-7 fusion_builder_column_1_1 1_1 fusion-one-full fusion-column-first fusion-column-last fusion-column-no-min-height\" style=\"--awb-bg-size:cover;--awb-margin-bottom:0px;\"><div class=\"fusion-column-wrapper fusion-flex-column-wrapper-legacy\"><div class=\"fusion-reading-box-container reading-box-container-1\" style=\"--awb-title-color:#ad0202;--awb-margin-top:0px;--awb-margin-bottom:84px;\"><div class=\"reading-box\" style=\"background-color:#f0f0f0;border-width:1px;border-color:#f0f0f0;border-left-width:3px;border-left-color:var(--primary_color);border-style:solid;\"><div class=\"reading-box-description\">NOUVEAU \u2013 Location de v\u00e9los \u00e9lectriques \u00e0 Nendaz.<\/div><div class=\"fusion-clearfix\"><\/div><\/div><\/div>\n<\/div>\n<\/div>\n<div class=\"fusion-clearfix\"><\/div><\/div><\/div><div class=\"fusion-layout-column fusion_builder_column fusion-builder-column-8 fusion_builder_column_1_1 1_1 fusion-one-full fusion-column-first fusion-column-last fusion-column-no-min-height\" style=\"--awb-bg-size:cover;--awb-margin-bottom:0px;\"><div class=\"fusion-column-wrapper fusion-flex-column-wrapper-legacy\"><div class=\"fusion-title title fusion-title-8 fusion-title-text fusion-title-size-three\" style=\"--awb-margin-top-small:10px;--awb-margin-right-small:0px;--awb-margin-bottom-small:10px;--awb-margin-left-small:0px;\"><h3 class=\"fusion-title-heading title-heading-left\" style=\"margin:0;\">D\u00e9gustation de Vins<\/h3><span class=\"awb-title-spacer\"><\/span><div class=\"title-sep-container\"><div class=\"title-sep sep-double sep-solid\" style=\"border-color:var(--awb-color3);\"><\/div><\/div><\/div>\n<p>Nendaz se situe au-dessus de centaines de vignobles qui s\u2019\u00e9tendent depuis le Lac L\u00e9man jusqu\u2019\u00e0 Salgesch, la capitale de production de vin en Valais. Visitez un vignoble et d\u00e9couvrez les secrets de la production Suisse de nos fameux vins. Bien-sur, nulle visite n\u2019est compl\u00e8te sans une d\u00e9gustation!<\/p>\n<p>Les vignes se trouvent entre 20 et 45 minutes de voiture depuis le chalet, et m\u00e9ritent amplement une visite.<\/p>\n<p>Chaque ann\u00e9e en Septembre, plus de 35 producteurs de vin de la r\u00e9gion tracent une route \u00e0 travers les vignobles et proposent des d\u00e9gustations, accompagn\u00e9es d\u2019une raclette et d\u2019autres sp\u00e9cialit\u00e9s du Valais. La route dure 6km et est accessible \u00e0 tous. Contactez-nous pour obtenir une date exacte et plus d\u2019informations.<\/p>\n<div class=\"fusion-clearfix\"><\/div><\/div><\/div><div class=\"fusion-layout-column fusion_builder_column fusion-builder-column-9 fusion_builder_column_1_1 1_1 fusion-one-full fusion-column-first fusion-column-last fusion-column-no-min-height\" style=\"--awb-bg-size:cover;--awb-margin-bottom:0px;\"><div class=\"fusion-column-wrapper fusion-flex-column-wrapper-legacy\"><div class=\"fusion-title title fusion-title-9 fusion-title-text fusion-title-size-three\" style=\"--awb-margin-top-small:10px;--awb-margin-right-small:0px;--awb-margin-bottom-small:10px;--awb-margin-left-small:0px;\"><h3 class=\"fusion-title-heading title-heading-left\" style=\"margin:0;\">Explorez!<\/h3><span class=\"awb-title-spacer\"><\/span><div class=\"title-sep-container\"><div class=\"title-sep sep-double sep-solid\" style=\"border-color:var(--awb-color3);\"><\/div><\/div><\/div>\n<p>Visitez la capitale du canton Valaisan, Sion, ou partez en escapade vers le Lac L\u00e9man, ou vous d\u00e9couvrirez Montreux, la ville du Jazz.<\/p>\n<p>Pourquoi ne pas vous aventurer dans le magnifique village sans voitures de Zermatt, ou r\u00e8gne la montagne la plus c\u00e9l\u00e8bre de Suisse, le Cervin. Alpine Comfort propose un service de tansport dans notre mini-bus priv\u00e9 \u00e0 des tarifs comp\u00e9titifs.<\/p>\n<div class=\"fusion-clearfix\"><\/div><\/div><\/div><div class=\"fusion-layout-column fusion_builder_column fusion-builder-column-10 fusion_builder_column_1_1 1_1 fusion-one-full fusion-column-first fusion-column-last fusion-column-no-min-height\" style=\"--awb-bg-size:cover;--awb-margin-bottom:0px;\"><div class=\"fusion-column-wrapper fusion-flex-column-wrapper-legacy\"><div class=\"fusion-title title fusion-title-10 fusion-title-text fusion-title-size-three\" style=\"--awb-margin-top-small:10px;--awb-margin-right-small:0px;--awb-margin-bottom-small:10px;--awb-margin-left-small:0px;\"><h3 class=\"fusion-title-heading title-heading-left\" style=\"margin:0;\">Golf<\/h3><span class=\"awb-title-spacer\"><\/span><div class=\"title-sep-container\"><div class=\"title-sep sep-double sep-solid\" style=\"border-color:var(--awb-color3);\"><\/div><\/div><\/div>\n<p>Le parcours de Super-Crans, au-dessus de la station, ainsi que Noas \u00e0 Cermignon permettent aux d\u00e9butants de jouer sans handicap. Les parcours de Sierre et Sion dans la Vall\u00e9e du Rhone voisine offrent un environnement diff\u00e9rent. Un 18 trous est disponible \u00e0 Leuk.<\/p>\n<p>Peu importe votre niveau, vous trouverez un green \u00e0 votre go\u00fbt dans la r\u00e9gion des 4 Vall\u00e9es, dans un cadre alpin spectaculaire.<\/p>\n<div class=\"fusion-clearfix\"><\/div><\/div><\/div><div class=\"fusion-layout-column fusion_builder_column fusion-builder-column-11 fusion_builder_column_1_1 1_1 fusion-one-full fusion-column-first fusion-column-last fusion-column-no-min-height\" style=\"--awb-bg-size:cover;--awb-margin-bottom:0px;\"><div class=\"fusion-column-wrapper fusion-flex-column-wrapper-legacy\"><div class=\"fusion-title title fusion-title-11 fusion-title-text fusion-title-size-three\" style=\"--awb-margin-top-small:10px;--awb-margin-right-small:0px;--awb-margin-bottom-small:10px;--awb-margin-left-small:0px;\"><h3 class=\"fusion-title-heading title-heading-left\" style=\"margin:0;\">Enfants<\/h3><span class=\"awb-title-spacer\"><\/span><div class=\"title-sep-container\"><div class=\"title-sep sep-double sep-solid\" style=\"border-color:var(--awb-color3);\"><\/div><\/div><\/div>\n<p>La commune de Nendaz organise durant les mois d&rsquo;\u00e9t\u00e9s de nombreuses activit\u00e9s (ext\u00e9rieur et int\u00e9rieur) auxquelles les enfants peuvent participer.<\/p>\n<p>Les enfants de 7 ans ou moins voyagent gratuitement dans les remont\u00e9es m\u00e9caniques des 4 Vall\u00e9es.<div class=\"fusion-clearfix\"><\/div><\/div><\/div><\/div><\/div>\n","protected":false},"excerpt":{"rendered":"","protected":false},"author":1,"featured_media":0,"parent":9657,"menu_order":20,"comment_status":"open","ping_status":"closed","template":"side-navigation.php","meta":{"footnotes":""},"class_list":["post-4496","page","type-page","status-publish","hentry"],"yoast_head":"<!-- This site is optimized with the Yoast SEO plugin v27.3 - https:\/\/yoast.com\/product\/yoast-seo-wordpress\/ -->\n<title>Activit\u00e9s Estivales - Alpine Comfort<\/title>\n<meta name=\"robots\" content=\"index, follow, max-snippet:-1, max-image-preview:large, max-video-preview:-1\" \/>\n<link rel=\"canonical\" href=\"https:\/\/alpine-comfort.com\/fr\/4-vallees\/activites-estivales\/\" \/>\n<meta property=\"og:locale\" content=\"fr_FR\" \/>\n<meta property=\"og:type\" content=\"article\" \/>\n<meta property=\"og:title\" content=\"Activit\u00e9s Estivales - Alpine Comfort\" \/>\n<meta property=\"og:url\" content=\"https:\/\/alpine-comfort.com\/fr\/4-vallees\/activites-estivales\/\" \/>\n<meta property=\"og:site_name\" content=\"Alpine Comfort\" \/>\n<meta property=\"article:modified_time\" content=\"2017-06-19T20:53:40+00:00\" \/>\n<meta name=\"twitter:label1\" content=\"Dur\u00e9e de lecture estim\u00e9e\" \/>\n\t<meta name=\"twitter:data1\" content=\"9 minutes\" \/>\n<script type=\"application\/ld+json\" class=\"yoast-schema-graph\">{\"@context\":\"https:\\\/\\\/schema.org\",\"@graph\":[{\"@type\":\"WebPage\",\"@id\":\"https:\\\/\\\/alpine-comfort.com\\\/fr\\\/4-vallees\\\/activites-estivales\\\/\",\"url\":\"https:\\\/\\\/alpine-comfort.com\\\/fr\\\/4-vallees\\\/activites-estivales\\\/\",\"name\":\"Activit\u00e9s Estivales - Alpine Comfort\",\"isPartOf\":{\"@id\":\"https:\\\/\\\/alpine-comfort.com\\\/#website\"},\"datePublished\":\"2013-04-19T19:40:16+00:00\",\"dateModified\":\"2017-06-19T20:53:40+00:00\",\"breadcrumb\":{\"@id\":\"https:\\\/\\\/alpine-comfort.com\\\/fr\\\/4-vallees\\\/activites-estivales\\\/#breadcrumb\"},\"inLanguage\":\"fr-FR\",\"potentialAction\":[{\"@type\":\"ReadAction\",\"target\":[\"https:\\\/\\\/alpine-comfort.com\\\/fr\\\/4-vallees\\\/activites-estivales\\\/\"]}]},{\"@type\":\"BreadcrumbList\",\"@id\":\"https:\\\/\\\/alpine-comfort.com\\\/fr\\\/4-vallees\\\/activites-estivales\\\/#breadcrumb\",\"itemListElement\":[{\"@type\":\"ListItem\",\"position\":1,\"name\":\"4 Vall\u00e9es\",\"item\":\"https:\\\/\\\/alpine-comfort.com\\\/fr\\\/4-vallees\\\/\"},{\"@type\":\"ListItem\",\"position\":2,\"name\":\"Activit\u00e9s Estivales\"}]},{\"@type\":\"WebSite\",\"@id\":\"https:\\\/\\\/alpine-comfort.com\\\/#website\",\"url\":\"https:\\\/\\\/alpine-comfort.com\\\/\",\"name\":\"Alpine Comfort\",\"description\":\"Pure Luxury Mountain Accommodation\",\"potentialAction\":[{\"@type\":\"SearchAction\",\"target\":{\"@type\":\"EntryPoint\",\"urlTemplate\":\"https:\\\/\\\/alpine-comfort.com\\\/?s={search_term_string}\"},\"query-input\":{\"@type\":\"PropertyValueSpecification\",\"valueRequired\":true,\"valueName\":\"search_term_string\"}}],\"inLanguage\":\"fr-FR\"}]}<\/script>\n<!-- \/ Yoast SEO plugin. -->","yoast_head_json":{"title":"Activit\u00e9s Estivales - Alpine Comfort","robots":{"index":"index","follow":"follow","max-snippet":"max-snippet:-1","max-image-preview":"max-image-preview:large","max-video-preview":"max-video-preview:-1"},"canonical":"https:\/\/alpine-comfort.com\/fr\/4-vallees\/activites-estivales\/","og_locale":"fr_FR","og_type":"article","og_title":"Activit\u00e9s Estivales - Alpine Comfort","og_url":"https:\/\/alpine-comfort.com\/fr\/4-vallees\/activites-estivales\/","og_site_name":"Alpine Comfort","article_modified_time":"2017-06-19T20:53:40+00:00","twitter_misc":{"Dur\u00e9e de lecture estim\u00e9e":"9 minutes"},"schema":{"@context":"https:\/\/schema.org","@graph":[{"@type":"WebPage","@id":"https:\/\/alpine-comfort.com\/fr\/4-vallees\/activites-estivales\/","url":"https:\/\/alpine-comfort.com\/fr\/4-vallees\/activites-estivales\/","name":"Activit\u00e9s Estivales - Alpine Comfort","isPartOf":{"@id":"https:\/\/alpine-comfort.com\/#website"},"datePublished":"2013-04-19T19:40:16+00:00","dateModified":"2017-06-19T20:53:40+00:00","breadcrumb":{"@id":"https:\/\/alpine-comfort.com\/fr\/4-vallees\/activites-estivales\/#breadcrumb"},"inLanguage":"fr-FR","potentialAction":[{"@type":"ReadAction","target":["https:\/\/alpine-comfort.com\/fr\/4-vallees\/activites-estivales\/"]}]},{"@type":"BreadcrumbList","@id":"https:\/\/alpine-comfort.com\/fr\/4-vallees\/activites-estivales\/#breadcrumb","itemListElement":[{"@type":"ListItem","position":1,"name":"4 Vall\u00e9es","item":"https:\/\/alpine-comfort.com\/fr\/4-vallees\/"},{"@type":"ListItem","position":2,"name":"Activit\u00e9s Estivales"}]},{"@type":"WebSite","@id":"https:\/\/alpine-comfort.com\/#website","url":"https:\/\/alpine-comfort.com\/","name":"Alpine Comfort","description":"Pure Luxury Mountain Accommodation","potentialAction":[{"@type":"SearchAction","target":{"@type":"EntryPoint","urlTemplate":"https:\/\/alpine-comfort.com\/?s={search_term_string}"},"query-input":{"@type":"PropertyValueSpecification","valueRequired":true,"valueName":"search_term_string"}}],"inLanguage":"fr-FR"}]}},"_links":{"self":[{"href":"https:\/\/alpine-comfort.com\/fr\/wp-json\/wp\/v2\/pages\/4496","targetHints":{"allow":["GET"]}}],"collection":[{"href":"https:\/\/alpine-comfort.com\/fr\/wp-json\/wp\/v2\/pages"}],"about":[{"href":"https:\/\/alpine-comfort.com\/fr\/wp-json\/wp\/v2\/types\/page"}],"author":[{"embeddable":true,"href":"https:\/\/alpine-comfort.com\/fr\/wp-json\/wp\/v2\/users\/1"}],"replies":[{"embeddable":true,"href":"https:\/\/alpine-comfort.com\/fr\/wp-json\/wp\/v2\/comments?post=4496"}],"version-history":[{"count":11,"href":"https:\/\/alpine-comfort.com\/fr\/wp-json\/wp\/v2\/pages\/4496\/revisions"}],"predecessor-version":[{"id":11747,"href":"https:\/\/alpine-comfort.com\/fr\/wp-json\/wp\/v2\/pages\/4496\/revisions\/11747"}],"up":[{"embeddable":true,"href":"https:\/\/alpine-comfort.com\/fr\/wp-json\/wp\/v2\/pages\/9657"}],"wp:attachment":[{"href":"https:\/\/alpine-comfort.com\/fr\/wp-json\/wp\/v2\/media?parent=4496"}],"curies":[{"name":"wp","href":"https:\/\/api.w.org\/{rel}","templated":true}]}}